{"id":824,"date":"2024-05-21T16:06:46","date_gmt":"2024-05-21T15:06:46","guid":{"rendered":"https:\/\/noaksark.org\/ostergotland\/?post_type=calendar&#038;p=824"},"modified":"2024-12-19T11:31:48","modified_gmt":"2024-12-19T10:31:48","slug":"pride-frukost","status":"publish","type":"calendar","link":"https:\/\/noaksark.org\/ostergotland\/kalender\/pride-frukost\/","title":{"rendered":"Pride frukost"},"content":{"rendered":"\n<p>Noaks ark \u00d6sterg\u00f6tland bjuder in till gemensam pridefrukost.<\/p>\n\n\n\n<p>Vi \u00e4ter en h\u00e4rlig frukost, peppar inf\u00f6r paraden och piffar upp sig f\u00f6r den som vill.<\/p>\n\n\n\n<p><\/p>\n\n\n\n<p>Sedan samlas alla som vill g\u00e5 paraden kl. 12.00 utanf\u00f6r stadsbiblioteket. Paraden avg\u00e5r kl. 13.00<\/p>\n\n\n\n<p>Mer info hittar du p\u00e5 v\u00e5r <a href=\"https:\/\/facebook.com\/events\/461911086399238?locale=sv_SE\">h\u00e4r<\/a>!<\/p>\n","protected":false},"excerpt":{"rendered":"<p>Noaks ark \u00d6sterg\u00f6tland bjuder in till gemensam pridefrukost. Vi \u00e4ter en h\u00e4rlig frukost, peppar inf\u00f6r paraden och piffar upp sig f\u00f6r den som vill. Sedan samlas alla som vill g\u00e5 paraden kl. 12.00 utanf\u00f6r stadsbiblioteket&#8230;.<\/p>\n","protected":false},"featured_media":825,"template":"","calendar-category":[],"target-group":[],"calendar_tag":[],"class_list":["post-824","calendar","type-calendar","status-publish","has-post-thumbnail","hentry"],"acf":[],"yoast_head":"<!-- This site is optimized with the Yoast SEO Premium plugin v27.4 (Yoast SEO v27.5) - https:\/\/yoast.com\/product\/yoast-seo-premium-wordpress\/ -->\n<title>Pride frukost - Noaks Ark \u00d6sterg\u00f6tland<\/title>\n<meta name=\"robots\" content=\"index, follow, max-snippet:-1, max-image-preview:large, max-video-preview:-1\" \/>\n<link rel=\"canonical\" href=\"https:\/\/noaksark.org\/ostergotland\/kalender\/pride-frukost\/\" \/>\n<meta property=\"og:locale\" content=\"sv_SE\" \/>\n<meta property=\"og:type\" content=\"article\" \/>\n<meta property=\"og:title\" content=\"Pride frukost\" \/>\n<meta property=\"og:description\" content=\"Noaks ark \u00d6sterg\u00f6tland bjuder in till gemensam pridefrukost. Vi \u00e4ter en h\u00e4rlig frukost, peppar inf\u00f6r paraden och piffar upp sig f\u00f6r den som vill. Sedan samlas alla som vill g\u00e5 paraden kl. 12.00 utanf\u00f6r stadsbiblioteket....\" \/>\n<meta property=\"og:url\" content=\"https:\/\/noaksark.org\/ostergotland\/kalender\/pride-frukost\/\" \/>\n<meta property=\"og:site_name\" content=\"Noaks Ark \u00d6sterg\u00f6tland\" \/>\n<meta property=\"article:modified_time\" content=\"2024-12-19T10:31:48+00:00\" \/>\n<meta property=\"og:image\" content=\"https:\/\/noaksark.org\/ostergotland\/wp-content\/uploads\/sites\/4\/2024\/05\/6167b97a-19d2-430e-b114-e9563aed59c2.jpeg\" \/>\n\t<meta property=\"og:image:width\" content=\"1024\" \/>\n\t<meta property=\"og:image:height\" content=\"1024\" \/>\n\t<meta property=\"og:image:type\" content=\"image\/jpeg\" \/>\n<meta name=\"twitter:card\" content=\"summary_large_image\" \/>\n<script type=\"application\/ld+json\" class=\"yoast-schema-graph\">{\"@context\":\"https:\\\/\\\/schema.org\",\"@graph\":[{\"@type\":\"WebPage\",\"@id\":\"https:\\\/\\\/noaksark.org\\\/ostergotland\\\/kalender\\\/pride-frukost\\\/\",\"url\":\"https:\\\/\\\/noaksark.org\\\/ostergotland\\\/kalender\\\/pride-frukost\\\/\",\"name\":\"Pride frukost - Noaks Ark \u00d6sterg\u00f6tland\",\"isPartOf\":{\"@id\":\"https:\\\/\\\/noaksark.org\\\/ostergotland\\\/#website\"},\"primaryImageOfPage\":{\"@id\":\"https:\\\/\\\/noaksark.org\\\/ostergotland\\\/kalender\\\/pride-frukost\\\/#primaryimage\"},\"image\":{\"@id\":\"https:\\\/\\\/noaksark.org\\\/ostergotland\\\/kalender\\\/pride-frukost\\\/#primaryimage\"},\"thumbnailUrl\":\"https:\\\/\\\/noaksark.org\\\/ostergotland\\\/wp-content\\\/uploads\\\/sites\\\/4\\\/2024\\\/05\\\/6167b97a-19d2-430e-b114-e9563aed59c2.jpeg\",\"datePublished\":\"2024-05-21T15:06:46+00:00\",\"dateModified\":\"2024-12-19T10:31:48+00:00\",\"breadcrumb\":{\"@id\":\"https:\\\/\\\/noaksark.org\\\/ostergotland\\\/kalender\\\/pride-frukost\\\/#breadcrumb\"},\"inLanguage\":\"sv-SE\",\"potentialAction\":[{\"@type\":\"ReadAction\",\"target\":[\"https:\\\/\\\/noaksark.org\\\/ostergotland\\\/kalender\\\/pride-frukost\\\/\"]}]},{\"@type\":\"ImageObject\",\"inLanguage\":\"sv-SE\",\"@id\":\"https:\\\/\\\/noaksark.org\\\/ostergotland\\\/kalender\\\/pride-frukost\\\/#primaryimage\",\"url\":\"https:\\\/\\\/noaksark.org\\\/ostergotland\\\/wp-content\\\/uploads\\\/sites\\\/4\\\/2024\\\/05\\\/6167b97a-19d2-430e-b114-e9563aed59c2.jpeg\",\"contentUrl\":\"https:\\\/\\\/noaksark.org\\\/ostergotland\\\/wp-content\\\/uploads\\\/sites\\\/4\\\/2024\\\/05\\\/6167b97a-19d2-430e-b114-e9563aed59c2.jpeg\",\"width\":1024,\"height\":1024},{\"@type\":\"BreadcrumbList\",\"@id\":\"https:\\\/\\\/noaksark.org\\\/ostergotland\\\/kalender\\\/pride-frukost\\\/#breadcrumb\",\"itemListElement\":[{\"@type\":\"ListItem\",\"position\":1,\"name\":\"Home\",\"item\":\"https:\\\/\\\/noaksark.org\\\/ostergotland\\\/\"},{\"@type\":\"ListItem\",\"position\":2,\"name\":\"Pride frukost\"}]},{\"@type\":\"WebSite\",\"@id\":\"https:\\\/\\\/noaksark.org\\\/ostergotland\\\/#website\",\"url\":\"https:\\\/\\\/noaksark.org\\\/ostergotland\\\/\",\"name\":\"Noaks Ark \u00d6sterg\u00f6tland\",\"description\":\"\",\"potentialAction\":[{\"@type\":\"SearchAction\",\"target\":{\"@type\":\"EntryPoint\",\"urlTemplate\":\"https:\\\/\\\/noaksark.org\\\/ostergotland\\\/?s={search_term_string}\"},\"query-input\":{\"@type\":\"PropertyValueSpecification\",\"valueRequired\":true,\"valueName\":\"search_term_string\"}}],\"inLanguage\":\"sv-SE\"}]}<\/script>\n<!-- \/ Yoast SEO Premium plugin. -->","yoast_head_json":{"title":"Pride frukost - Noaks Ark \u00d6sterg\u00f6tland","robots":{"index":"index","follow":"follow","max-snippet":"max-snippet:-1","max-image-preview":"max-image-preview:large","max-video-preview":"max-video-preview:-1"},"canonical":"https:\/\/noaksark.org\/ostergotland\/kalender\/pride-frukost\/","og_locale":"sv_SE","og_type":"article","og_title":"Pride frukost","og_description":"Noaks ark \u00d6sterg\u00f6tland bjuder in till gemensam pridefrukost. Vi \u00e4ter en h\u00e4rlig frukost, peppar inf\u00f6r paraden och piffar upp sig f\u00f6r den som vill. Sedan samlas alla som vill g\u00e5 paraden kl. 12.00 utanf\u00f6r stadsbiblioteket....","og_url":"https:\/\/noaksark.org\/ostergotland\/kalender\/pride-frukost\/","og_site_name":"Noaks Ark \u00d6sterg\u00f6tland","article_modified_time":"2024-12-19T10:31:48+00:00","og_image":[{"width":1024,"height":1024,"url":"https:\/\/noaksark.org\/ostergotland\/wp-content\/uploads\/sites\/4\/2024\/05\/6167b97a-19d2-430e-b114-e9563aed59c2.jpeg","type":"image\/jpeg"}],"twitter_card":"summary_large_image","schema":{"@context":"https:\/\/schema.org","@graph":[{"@type":"WebPage","@id":"https:\/\/noaksark.org\/ostergotland\/kalender\/pride-frukost\/","url":"https:\/\/noaksark.org\/ostergotland\/kalender\/pride-frukost\/","name":"Pride frukost - Noaks Ark \u00d6sterg\u00f6tland","isPartOf":{"@id":"https:\/\/noaksark.org\/ostergotland\/#website"},"primaryImageOfPage":{"@id":"https:\/\/noaksark.org\/ostergotland\/kalender\/pride-frukost\/#primaryimage"},"image":{"@id":"https:\/\/noaksark.org\/ostergotland\/kalender\/pride-frukost\/#primaryimage"},"thumbnailUrl":"https:\/\/noaksark.org\/ostergotland\/wp-content\/uploads\/sites\/4\/2024\/05\/6167b97a-19d2-430e-b114-e9563aed59c2.jpeg","datePublished":"2024-05-21T15:06:46+00:00","dateModified":"2024-12-19T10:31:48+00:00","breadcrumb":{"@id":"https:\/\/noaksark.org\/ostergotland\/kalender\/pride-frukost\/#breadcrumb"},"inLanguage":"sv-SE","potentialAction":[{"@type":"ReadAction","target":["https:\/\/noaksark.org\/ostergotland\/kalender\/pride-frukost\/"]}]},{"@type":"ImageObject","inLanguage":"sv-SE","@id":"https:\/\/noaksark.org\/ostergotland\/kalender\/pride-frukost\/#primaryimage","url":"https:\/\/noaksark.org\/ostergotland\/wp-content\/uploads\/sites\/4\/2024\/05\/6167b97a-19d2-430e-b114-e9563aed59c2.jpeg","contentUrl":"https:\/\/noaksark.org\/ostergotland\/wp-content\/uploads\/sites\/4\/2024\/05\/6167b97a-19d2-430e-b114-e9563aed59c2.jpeg","width":1024,"height":1024},{"@type":"BreadcrumbList","@id":"https:\/\/noaksark.org\/ostergotland\/kalender\/pride-frukost\/#breadcrumb","itemListElement":[{"@type":"ListItem","position":1,"name":"Home","item":"https:\/\/noaksark.org\/ostergotland\/"},{"@type":"ListItem","position":2,"name":"Pride frukost"}]},{"@type":"WebSite","@id":"https:\/\/noaksark.org\/ostergotland\/#website","url":"https:\/\/noaksark.org\/ostergotland\/","name":"Noaks Ark \u00d6sterg\u00f6tland","description":"","potentialAction":[{"@type":"SearchAction","target":{"@type":"EntryPoint","urlTemplate":"https:\/\/noaksark.org\/ostergotland\/?s={search_term_string}"},"query-input":{"@type":"PropertyValueSpecification","valueRequired":true,"valueName":"search_term_string"}}],"inLanguage":"sv-SE"}]}},"_links":{"self":[{"href":"https:\/\/noaksark.org\/ostergotland\/wp-json\/wp\/v2\/calendar\/824","targetHints":{"allow":["GET"]}}],"collection":[{"href":"https:\/\/noaksark.org\/ostergotland\/wp-json\/wp\/v2\/calendar"}],"about":[{"href":"https:\/\/noaksark.org\/ostergotland\/wp-json\/wp\/v2\/types\/calendar"}],"wp:featuredmedia":[{"embeddable":true,"href":"https:\/\/noaksark.org\/ostergotland\/wp-json\/wp\/v2\/media\/825"}],"wp:attachment":[{"href":"https:\/\/noaksark.org\/ostergotland\/wp-json\/wp\/v2\/media?parent=824"}],"wp:term":[{"taxonomy":"calendar-category","embeddable":true,"href":"https:\/\/noaksark.org\/ostergotland\/wp-json\/wp\/v2\/calendar-category?post=824"},{"taxonomy":"target-group","embeddable":true,"href":"https:\/\/noaksark.org\/ostergotland\/wp-json\/wp\/v2\/target-group?post=824"},{"taxonomy":"calendar_tag","embeddable":true,"href":"https:\/\/noaksark.org\/ostergotland\/wp-json\/wp\/v2\/calendar_tag?post=824"}],"curies":[{"name":"wp","href":"https:\/\/api.w.org\/{rel}","templated":true}]}}