{"id":1113,"date":"2025-11-24T12:57:41","date_gmt":"2025-11-24T11:57:41","guid":{"rendered":"https:\/\/noaksark.org\/ostergotland\/?post_type=calendar&#038;p=1113"},"modified":"2025-11-24T12:58:11","modified_gmt":"2025-11-24T11:58:11","slug":"hamta-ditt-roda-band-pa-arbetes-museum","status":"publish","type":"calendar","link":"https:\/\/noaksark.org\/ostergotland\/kalender\/hamta-ditt-roda-band-pa-arbetes-museum\/","title":{"rendered":"H\u00e4mta ditt R\u00f6da Band p\u00e5 Arbetes Museum"},"content":{"rendered":"\n<p>Den 29 november och 30 november kommer vi st\u00e5 och dela ut R\u00f6da Band p\u00e5 &#8221;R\u00e4ttvis design- och hantverksmarknad p\u00e5 Arbetets museum mellan kl: 10:00-16:00.<\/p>\n\n\n\n<figure class=\"wp-block-embed is-type-wp-embed is-provider-arbetets-museum wp-block-embed-arbetets-museum\"><div class=\"wp-block-embed__wrapper\">\n<blockquote class=\"wp-embedded-content\" data-secret=\"wBoozPdwJ8\"><a href=\"https:\/\/www.arbetetsmuseum.se\/evenemang\/rattvis-design-och-hantverksmarknad-2025\/\">R\u00e4ttvis design- och hantverksmarknad 2025<\/a><\/blockquote><iframe loading=\"lazy\" class=\"wp-embedded-content\" sandbox=\"allow-scripts\" security=\"restricted\" style=\"position: absolute; visibility: hidden;\" title=\"\u201dR\u00e4ttvis design- och hantverksmarknad 2025\u201d &ndash; Arbetets museum\" src=\"https:\/\/www.arbetetsmuseum.se\/evenemang\/rattvis-design-och-hantverksmarknad-2025\/embed\/#?secret=OhNJSquvOS#?secret=wBoozPdwJ8\" data-secret=\"wBoozPdwJ8\" width=\"500\" height=\"282\" frameborder=\"0\" marginwidth=\"0\" marginheight=\"0\" scrolling=\"no\"><\/iframe>\n<\/div><\/figure>\n\n\n\n<p>Passa p\u00e5 att h\u00e4mta ditt <strong>R\u00f6da Band<\/strong> och prata lite med oss! <\/p>\n\n\n\n<p><\/p>\n","protected":false},"excerpt":{"rendered":"<p>Den 29 november och 30 november kommer vi st\u00e5 och dela ut R\u00f6da Band p\u00e5 &#8221;R\u00e4ttvis design- och hantverksmarknad p\u00e5 Arbetets museum mellan kl: 10:00-16:00. Passa p\u00e5 att h\u00e4mta ditt R\u00f6da Band och prata lite&#8230;<\/p>\n","protected":false},"featured_media":1114,"template":"","calendar-category":[],"target-group":[],"calendar_tag":[],"class_list":["post-1113","calendar","type-calendar","status-publish","has-post-thumbnail","hentry"],"acf":[],"yoast_head":"<!-- This site is optimized with the Yoast SEO Premium plugin v27.4 (Yoast SEO v27.5) - https:\/\/yoast.com\/product\/yoast-seo-premium-wordpress\/ -->\n<title>H\u00e4mta ditt R\u00f6da Band p\u00e5 Arbetes Museum - Noaks Ark \u00d6sterg\u00f6tland<\/title>\n<meta name=\"robots\" content=\"index, follow, max-snippet:-1, max-image-preview:large, max-video-preview:-1\" \/>\n<link rel=\"canonical\" href=\"https:\/\/noaksark.org\/ostergotland\/kalender\/hamta-ditt-roda-band-pa-arbetes-museum\/\" \/>\n<meta property=\"og:locale\" content=\"sv_SE\" \/>\n<meta property=\"og:type\" content=\"article\" \/>\n<meta property=\"og:title\" content=\"H\u00e4mta ditt R\u00f6da Band p\u00e5 Arbetes Museum\" \/>\n<meta property=\"og:description\" content=\"Den 29 november och 30 november kommer vi st\u00e5 och dela ut R\u00f6da Band p\u00e5 &#8221;R\u00e4ttvis design- och hantverksmarknad p\u00e5 Arbetets museum mellan kl: 10:00-16:00. Passa p\u00e5 att h\u00e4mta ditt R\u00f6da Band och prata lite...\" \/>\n<meta property=\"og:url\" content=\"https:\/\/noaksark.org\/ostergotland\/kalender\/hamta-ditt-roda-band-pa-arbetes-museum\/\" \/>\n<meta property=\"og:site_name\" content=\"Noaks Ark \u00d6sterg\u00f6tland\" \/>\n<meta property=\"article:modified_time\" content=\"2025-11-24T11:58:11+00:00\" \/>\n<meta property=\"og:image\" content=\"https:\/\/noaksark.org\/ostergotland\/wp-content\/uploads\/sites\/4\/2025\/11\/WAD-2024-Instagram-inlagg.png\" \/>\n\t<meta property=\"og:image:width\" content=\"1080\" \/>\n\t<meta property=\"og:image:height\" content=\"1080\" \/>\n\t<meta property=\"og:image:type\" content=\"image\/png\" \/>\n<meta name=\"twitter:card\" content=\"summary_large_image\" \/>\n<meta name=\"twitter:label1\" content=\"Ber\u00e4knad l\u00e4stid\" \/>\n\t<meta name=\"twitter:data1\" content=\"1 minut\" \/>\n<script type=\"application\/ld+json\" class=\"yoast-schema-graph\">{\"@context\":\"https:\\\/\\\/schema.org\",\"@graph\":[{\"@type\":\"WebPage\",\"@id\":\"https:\\\/\\\/noaksark.org\\\/ostergotland\\\/kalender\\\/hamta-ditt-roda-band-pa-arbetes-museum\\\/\",\"url\":\"https:\\\/\\\/noaksark.org\\\/ostergotland\\\/kalender\\\/hamta-ditt-roda-band-pa-arbetes-museum\\\/\",\"name\":\"H\u00e4mta ditt R\u00f6da Band p\u00e5 Arbetes Museum - Noaks Ark \u00d6sterg\u00f6tland\",\"isPartOf\":{\"@id\":\"https:\\\/\\\/noaksark.org\\\/ostergotland\\\/#website\"},\"primaryImageOfPage\":{\"@id\":\"https:\\\/\\\/noaksark.org\\\/ostergotland\\\/kalender\\\/hamta-ditt-roda-band-pa-arbetes-museum\\\/#primaryimage\"},\"image\":{\"@id\":\"https:\\\/\\\/noaksark.org\\\/ostergotland\\\/kalender\\\/hamta-ditt-roda-band-pa-arbetes-museum\\\/#primaryimage\"},\"thumbnailUrl\":\"https:\\\/\\\/noaksark.org\\\/ostergotland\\\/wp-content\\\/uploads\\\/sites\\\/4\\\/2025\\\/11\\\/WAD-2024-Instagram-inlagg.png\",\"datePublished\":\"2025-11-24T11:57:41+00:00\",\"dateModified\":\"2025-11-24T11:58:11+00:00\",\"breadcrumb\":{\"@id\":\"https:\\\/\\\/noaksark.org\\\/ostergotland\\\/kalender\\\/hamta-ditt-roda-band-pa-arbetes-museum\\\/#breadcrumb\"},\"inLanguage\":\"sv-SE\",\"potentialAction\":[{\"@type\":\"ReadAction\",\"target\":[\"https:\\\/\\\/noaksark.org\\\/ostergotland\\\/kalender\\\/hamta-ditt-roda-band-pa-arbetes-museum\\\/\"]}]},{\"@type\":\"ImageObject\",\"inLanguage\":\"sv-SE\",\"@id\":\"https:\\\/\\\/noaksark.org\\\/ostergotland\\\/kalender\\\/hamta-ditt-roda-band-pa-arbetes-museum\\\/#primaryimage\",\"url\":\"https:\\\/\\\/noaksark.org\\\/ostergotland\\\/wp-content\\\/uploads\\\/sites\\\/4\\\/2025\\\/11\\\/WAD-2024-Instagram-inlagg.png\",\"contentUrl\":\"https:\\\/\\\/noaksark.org\\\/ostergotland\\\/wp-content\\\/uploads\\\/sites\\\/4\\\/2025\\\/11\\\/WAD-2024-Instagram-inlagg.png\",\"width\":1080,\"height\":1080,\"caption\":\"1991 skapades det R\u00f6da bandet av Visual AIDS och har blivit en internationell symbol f\u00f6r att visa solidaritet med personer som lever med hiv och aids.\"},{\"@type\":\"BreadcrumbList\",\"@id\":\"https:\\\/\\\/noaksark.org\\\/ostergotland\\\/kalender\\\/hamta-ditt-roda-band-pa-arbetes-museum\\\/#breadcrumb\",\"itemListElement\":[{\"@type\":\"ListItem\",\"position\":1,\"name\":\"Home\",\"item\":\"https:\\\/\\\/noaksark.org\\\/ostergotland\\\/\"},{\"@type\":\"ListItem\",\"position\":2,\"name\":\"H\u00e4mta ditt R\u00f6da Band p\u00e5 Arbetes Museum\"}]},{\"@type\":\"WebSite\",\"@id\":\"https:\\\/\\\/noaksark.org\\\/ostergotland\\\/#website\",\"url\":\"https:\\\/\\\/noaksark.org\\\/ostergotland\\\/\",\"name\":\"Noaks Ark \u00d6sterg\u00f6tland\",\"description\":\"\",\"potentialAction\":[{\"@type\":\"SearchAction\",\"target\":{\"@type\":\"EntryPoint\",\"urlTemplate\":\"https:\\\/\\\/noaksark.org\\\/ostergotland\\\/?s={search_term_string}\"},\"query-input\":{\"@type\":\"PropertyValueSpecification\",\"valueRequired\":true,\"valueName\":\"search_term_string\"}}],\"inLanguage\":\"sv-SE\"}]}<\/script>\n<!-- \/ Yoast SEO Premium plugin. -->","yoast_head_json":{"title":"H\u00e4mta ditt R\u00f6da Band p\u00e5 Arbetes Museum - Noaks Ark \u00d6sterg\u00f6tland","robots":{"index":"index","follow":"follow","max-snippet":"max-snippet:-1","max-image-preview":"max-image-preview:large","max-video-preview":"max-video-preview:-1"},"canonical":"https:\/\/noaksark.org\/ostergotland\/kalender\/hamta-ditt-roda-band-pa-arbetes-museum\/","og_locale":"sv_SE","og_type":"article","og_title":"H\u00e4mta ditt R\u00f6da Band p\u00e5 Arbetes Museum","og_description":"Den 29 november och 30 november kommer vi st\u00e5 och dela ut R\u00f6da Band p\u00e5 &#8221;R\u00e4ttvis design- och hantverksmarknad p\u00e5 Arbetets museum mellan kl: 10:00-16:00. Passa p\u00e5 att h\u00e4mta ditt R\u00f6da Band och prata lite...","og_url":"https:\/\/noaksark.org\/ostergotland\/kalender\/hamta-ditt-roda-band-pa-arbetes-museum\/","og_site_name":"Noaks Ark \u00d6sterg\u00f6tland","article_modified_time":"2025-11-24T11:58:11+00:00","og_image":[{"width":1080,"height":1080,"url":"https:\/\/noaksark.org\/ostergotland\/wp-content\/uploads\/sites\/4\/2025\/11\/WAD-2024-Instagram-inlagg.png","type":"image\/png"}],"twitter_card":"summary_large_image","twitter_misc":{"Ber\u00e4knad l\u00e4stid":"1 minut"},"schema":{"@context":"https:\/\/schema.org","@graph":[{"@type":"WebPage","@id":"https:\/\/noaksark.org\/ostergotland\/kalender\/hamta-ditt-roda-band-pa-arbetes-museum\/","url":"https:\/\/noaksark.org\/ostergotland\/kalender\/hamta-ditt-roda-band-pa-arbetes-museum\/","name":"H\u00e4mta ditt R\u00f6da Band p\u00e5 Arbetes Museum - Noaks Ark \u00d6sterg\u00f6tland","isPartOf":{"@id":"https:\/\/noaksark.org\/ostergotland\/#website"},"primaryImageOfPage":{"@id":"https:\/\/noaksark.org\/ostergotland\/kalender\/hamta-ditt-roda-band-pa-arbetes-museum\/#primaryimage"},"image":{"@id":"https:\/\/noaksark.org\/ostergotland\/kalender\/hamta-ditt-roda-band-pa-arbetes-museum\/#primaryimage"},"thumbnailUrl":"https:\/\/noaksark.org\/ostergotland\/wp-content\/uploads\/sites\/4\/2025\/11\/WAD-2024-Instagram-inlagg.png","datePublished":"2025-11-24T11:57:41+00:00","dateModified":"2025-11-24T11:58:11+00:00","breadcrumb":{"@id":"https:\/\/noaksark.org\/ostergotland\/kalender\/hamta-ditt-roda-band-pa-arbetes-museum\/#breadcrumb"},"inLanguage":"sv-SE","potentialAction":[{"@type":"ReadAction","target":["https:\/\/noaksark.org\/ostergotland\/kalender\/hamta-ditt-roda-band-pa-arbetes-museum\/"]}]},{"@type":"ImageObject","inLanguage":"sv-SE","@id":"https:\/\/noaksark.org\/ostergotland\/kalender\/hamta-ditt-roda-band-pa-arbetes-museum\/#primaryimage","url":"https:\/\/noaksark.org\/ostergotland\/wp-content\/uploads\/sites\/4\/2025\/11\/WAD-2024-Instagram-inlagg.png","contentUrl":"https:\/\/noaksark.org\/ostergotland\/wp-content\/uploads\/sites\/4\/2025\/11\/WAD-2024-Instagram-inlagg.png","width":1080,"height":1080,"caption":"1991 skapades det R\u00f6da bandet av Visual AIDS och har blivit en internationell symbol f\u00f6r att visa solidaritet med personer som lever med hiv och aids."},{"@type":"BreadcrumbList","@id":"https:\/\/noaksark.org\/ostergotland\/kalender\/hamta-ditt-roda-band-pa-arbetes-museum\/#breadcrumb","itemListElement":[{"@type":"ListItem","position":1,"name":"Home","item":"https:\/\/noaksark.org\/ostergotland\/"},{"@type":"ListItem","position":2,"name":"H\u00e4mta ditt R\u00f6da Band p\u00e5 Arbetes Museum"}]},{"@type":"WebSite","@id":"https:\/\/noaksark.org\/ostergotland\/#website","url":"https:\/\/noaksark.org\/ostergotland\/","name":"Noaks Ark \u00d6sterg\u00f6tland","description":"","potentialAction":[{"@type":"SearchAction","target":{"@type":"EntryPoint","urlTemplate":"https:\/\/noaksark.org\/ostergotland\/?s={search_term_string}"},"query-input":{"@type":"PropertyValueSpecification","valueRequired":true,"valueName":"search_term_string"}}],"inLanguage":"sv-SE"}]}},"_links":{"self":[{"href":"https:\/\/noaksark.org\/ostergotland\/wp-json\/wp\/v2\/calendar\/1113","targetHints":{"allow":["GET"]}}],"collection":[{"href":"https:\/\/noaksark.org\/ostergotland\/wp-json\/wp\/v2\/calendar"}],"about":[{"href":"https:\/\/noaksark.org\/ostergotland\/wp-json\/wp\/v2\/types\/calendar"}],"wp:featuredmedia":[{"embeddable":true,"href":"https:\/\/noaksark.org\/ostergotland\/wp-json\/wp\/v2\/media\/1114"}],"wp:attachment":[{"href":"https:\/\/noaksark.org\/ostergotland\/wp-json\/wp\/v2\/media?parent=1113"}],"wp:term":[{"taxonomy":"calendar-category","embeddable":true,"href":"https:\/\/noaksark.org\/ostergotland\/wp-json\/wp\/v2\/calendar-category?post=1113"},{"taxonomy":"target-group","embeddable":true,"href":"https:\/\/noaksark.org\/ostergotland\/wp-json\/wp\/v2\/target-group?post=1113"},{"taxonomy":"calendar_tag","embeddable":true,"href":"https:\/\/noaksark.org\/ostergotland\/wp-json\/wp\/v2\/calendar_tag?post=1113"}],"curies":[{"name":"wp","href":"https:\/\/api.w.org\/{rel}","templated":true}]}}