{"id":1013,"date":"2025-11-25T15:34:46","date_gmt":"2025-11-25T14:34:46","guid":{"rendered":"https:\/\/noaksark.org\/norra-norrland\/?post_type=calendar&#038;p=1013"},"modified":"2025-11-27T10:33:30","modified_gmt":"2025-11-27T09:33:30","slug":"varldsaidsdagen-uppmarksammas-30-november-pa-radhustorget-i-umea","status":"publish","type":"calendar","link":"https:\/\/noaksark.org\/norra-norrland\/kalender\/varldsaidsdagen-uppmarksammas-30-november-pa-radhustorget-i-umea\/","title":{"rendered":"V\u00e4rldsaidsdagen uppm\u00e4rksammas 30 november p\u00e5 R\u00e5dhustorget i Ume\u00e5 med Red Ribbon"},"content":{"rendered":"\n<blockquote class=\"wp-block-quote is-layout-flow wp-block-quote-is-layout-flow\">\n<h2 class=\"wp-block-heading\" id=\"h-vi-tanker-pa-dig-tanker-du-pa-hiv\"><strong>Vi t\u00e4nker p\u00e5 dig, t\u00e4nker du p\u00e5 hiv?<\/strong><\/h2>\n<\/blockquote>\n\n\n\n<blockquote class=\"wp-block-quote is-layout-flow wp-block-quote-is-layout-flow\">\n<p class=\"has-medium-font-size\">Den 1 december infaller World Aids Day, den internationella v\u00e4rldsaidsdagen. Det uppm\u00e4rksammar Noaks Ark Norra Norrland, RFSU Ume\u00e5, Hiv-Sverige, Posithiva Gruppen Norr och RFSL Ume\u00e5 tillsammans &#8211; genom att l\u00e5ta det r\u00f6da bandet som uppm\u00e4rksammar hiv\/aids och hivprevention lysa p\u00e5 R\u00e5dhustorget i Ume\u00e5 under tre veckor.&nbsp;<\/p>\n\n\n\n<p class=\"has-medium-font-size\"><strong>Den 30 november mellan kl. 12\u201316<\/strong> (med reservation f\u00f6r \u00e4ndring pga v\u00e4der) v\u00e4lkomnar vi alla Ume\u00e5bor till <strong>R\u00e5dhustorget<\/strong> f\u00f6r att tillsammans uppm\u00e4rksamma V\u00e4rldsaidsdagen. Vid sidan av den r\u00f6da ljusinstallationen\u00a0<strong>Red Ribbon<\/strong> bjuder organisationerna p\u00e5\u00a0<strong>gl\u00f6gg, lussebullar och pepparkakor<\/strong>, samt erbjuder ett\u00a0<strong>quiz p\u00e5 hiv-tema<\/strong>\u00a0med m\u00f6jlighet att vinna en goodiebag. Kom f\u00f6rbi, v\u00e4rm dig en stund och passa p\u00e5 att st\u00e4lla fr\u00e5gor \u2013 eller bara s\u00e4ga hej! <\/p>\n\n\n\n<p class=\"has-medium-font-size\">Syftet \u00e4r att sprida kunskap, minska stigma och p\u00e5minna om att hiv i dag \u00e4r en behandlingsbar kronisk infektion. Med effektiv behandling \u00e4r virusm\u00e4ngden s\u00e5 l\u00e5g att hiv&nbsp;<em>inte<\/em>&nbsp;kan \u00f6verf\u00f6ras \u2013 n\u00e5got m\u00e5nga fortfarande inte k\u00e4nner till.<\/p>\n\n\n\n<h2 class=\"wp-block-heading\" id=\"h-red-ribbon\"><strong>Red Ribbon<\/strong><\/h2>\n\n\n\n<p class=\"has-medium-font-size\">Ljusinstallationen Red Ribbon anl\u00e4nde till Ume\u00e5 den 24 november och st\u00e5r p\u00e5 torget fram till den 15 december. Installationen \u00e4gs av Hiv-Sverige och symboliserar solidaritet med personer som lever med hiv.<\/p>\n\n\n\n<h2 class=\"wp-block-heading\" id=\"h-tid-och-plats\"><strong>Tid och plats<\/strong><\/h2>\n\n\n\n<p class=\"has-medium-font-size\"><strong>Datum:<\/strong>\u00a030 november<br><strong>Tid:<\/strong>\u00a012.00\u201316.00 (med reservation f\u00f6r \u00e4ndring pga v\u00e4der)<br><strong>Plats:<\/strong>\u00a0R\u00e5dhustorget, vid ljusinstallationen Red Ribbon<\/p>\n\n\n\n<p><\/p>\n\n\n\n<p><\/p>\n\n\n\n<p><\/p>\n\n\n\n<p><\/p>\n\n\n\n<h2 class=\"wp-block-heading\" id=\"h-\"><\/h2>\n\n\n\n<h2 class=\"wp-block-heading\" id=\"h-\"><\/h2>\n\n\n\n<p><\/p>\n<\/blockquote>\n","protected":false},"excerpt":{"rendered":"<p>Vi t\u00e4nker p\u00e5 dig, t\u00e4nker du p\u00e5 hiv? Den 1 december infaller World Aids Day, den internationella v\u00e4rldsaidsdagen. Det uppm\u00e4rksammar Noaks Ark Norra Norrland, RFSU Ume\u00e5, Hiv-Sverige, Posithiva Gruppen Norr och RFSL Ume\u00e5 tillsammans &#8211;&#8230;<\/p>\n","protected":false},"featured_media":1016,"template":"","calendar-category":[],"target-group":[],"calendar_tag":[],"class_list":["post-1013","calendar","type-calendar","status-publish","has-post-thumbnail","hentry"],"acf":[],"yoast_head":"<!-- This site is optimized with the Yoast SEO Premium plugin v27.4 (Yoast SEO v27.4) - https:\/\/yoast.com\/product\/yoast-seo-premium-wordpress\/ -->\n<title>V\u00e4rldsaidsdagen uppm\u00e4rksammas 30 november p\u00e5 R\u00e5dhustorget i Ume\u00e5 med Red Ribbon - Noaks Ark Norra Norrland<\/title>\n<meta name=\"robots\" content=\"index, follow, max-snippet:-1, max-image-preview:large, max-video-preview:-1\" \/>\n<link rel=\"canonical\" href=\"https:\/\/noaksark.org\/norra-norrland\/kalender\/varldsaidsdagen-uppmarksammas-30-november-pa-radhustorget-i-umea\/\" \/>\n<meta property=\"og:locale\" content=\"sv_SE\" \/>\n<meta property=\"og:type\" content=\"article\" \/>\n<meta property=\"og:title\" content=\"V\u00e4rldsaidsdagen uppm\u00e4rksammas 30 november p\u00e5 R\u00e5dhustorget i Ume\u00e5 med Red Ribbon\" \/>\n<meta property=\"og:description\" content=\"Vi t\u00e4nker p\u00e5 dig, t\u00e4nker du p\u00e5 hiv? Den 1 december infaller World Aids Day, den internationella v\u00e4rldsaidsdagen. Det uppm\u00e4rksammar Noaks Ark Norra Norrland, RFSU Ume\u00e5, Hiv-Sverige, Posithiva Gruppen Norr och RFSL Ume\u00e5 tillsammans &#8211;...\" \/>\n<meta property=\"og:url\" content=\"https:\/\/noaksark.org\/norra-norrland\/kalender\/varldsaidsdagen-uppmarksammas-30-november-pa-radhustorget-i-umea\/\" \/>\n<meta property=\"og:site_name\" content=\"Noaks Ark Norra Norrland\" \/>\n<meta property=\"article:modified_time\" content=\"2025-11-27T09:33:30+00:00\" \/>\n<meta property=\"og:image\" content=\"https:\/\/noaksark.org\/norra-norrland\/wp-content\/uploads\/sites\/3\/2025\/11\/20251124_143004-ny-the-one-scaled.jpg\" \/>\n\t<meta property=\"og:image:width\" content=\"2560\" \/>\n\t<meta property=\"og:image:height\" content=\"2560\" \/>\n\t<meta property=\"og:image:type\" content=\"image\/jpeg\" \/>\n<meta name=\"twitter:card\" content=\"summary_large_image\" \/>\n<meta name=\"twitter:label1\" content=\"Ber\u00e4knad l\u00e4stid\" \/>\n\t<meta name=\"twitter:data1\" content=\"1 minut\" \/>\n<script type=\"application\/ld+json\" class=\"yoast-schema-graph\">{\"@context\":\"https:\\\/\\\/schema.org\",\"@graph\":[{\"@type\":\"WebPage\",\"@id\":\"https:\\\/\\\/noaksark.org\\\/norra-norrland\\\/kalender\\\/varldsaidsdagen-uppmarksammas-30-november-pa-radhustorget-i-umea\\\/\",\"url\":\"https:\\\/\\\/noaksark.org\\\/norra-norrland\\\/kalender\\\/varldsaidsdagen-uppmarksammas-30-november-pa-radhustorget-i-umea\\\/\",\"name\":\"V\u00e4rldsaidsdagen uppm\u00e4rksammas 30 november p\u00e5 R\u00e5dhustorget i Ume\u00e5 med Red Ribbon - Noaks Ark Norra Norrland\",\"isPartOf\":{\"@id\":\"https:\\\/\\\/noaksark.org\\\/norra-norrland\\\/#website\"},\"primaryImageOfPage\":{\"@id\":\"https:\\\/\\\/noaksark.org\\\/norra-norrland\\\/kalender\\\/varldsaidsdagen-uppmarksammas-30-november-pa-radhustorget-i-umea\\\/#primaryimage\"},\"image\":{\"@id\":\"https:\\\/\\\/noaksark.org\\\/norra-norrland\\\/kalender\\\/varldsaidsdagen-uppmarksammas-30-november-pa-radhustorget-i-umea\\\/#primaryimage\"},\"thumbnailUrl\":\"https:\\\/\\\/noaksark.org\\\/norra-norrland\\\/wp-content\\\/uploads\\\/sites\\\/3\\\/2025\\\/11\\\/20251124_143004-ny-the-one-scaled.jpg\",\"datePublished\":\"2025-11-25T14:34:46+00:00\",\"dateModified\":\"2025-11-27T09:33:30+00:00\",\"breadcrumb\":{\"@id\":\"https:\\\/\\\/noaksark.org\\\/norra-norrland\\\/kalender\\\/varldsaidsdagen-uppmarksammas-30-november-pa-radhustorget-i-umea\\\/#breadcrumb\"},\"inLanguage\":\"sv-SE\",\"potentialAction\":[{\"@type\":\"ReadAction\",\"target\":[\"https:\\\/\\\/noaksark.org\\\/norra-norrland\\\/kalender\\\/varldsaidsdagen-uppmarksammas-30-november-pa-radhustorget-i-umea\\\/\"]}]},{\"@type\":\"ImageObject\",\"inLanguage\":\"sv-SE\",\"@id\":\"https:\\\/\\\/noaksark.org\\\/norra-norrland\\\/kalender\\\/varldsaidsdagen-uppmarksammas-30-november-pa-radhustorget-i-umea\\\/#primaryimage\",\"url\":\"https:\\\/\\\/noaksark.org\\\/norra-norrland\\\/wp-content\\\/uploads\\\/sites\\\/3\\\/2025\\\/11\\\/20251124_143004-ny-the-one-scaled.jpg\",\"contentUrl\":\"https:\\\/\\\/noaksark.org\\\/norra-norrland\\\/wp-content\\\/uploads\\\/sites\\\/3\\\/2025\\\/11\\\/20251124_143004-ny-the-one-scaled.jpg\",\"width\":2560,\"height\":2560,\"caption\":\"Bild p\u00e5 R\u00f6da Bandet som st\u00e5r p\u00e5 R\u00e5dhustorget (som symboliserar solidaritet med personer som lever med hiv).\"},{\"@type\":\"BreadcrumbList\",\"@id\":\"https:\\\/\\\/noaksark.org\\\/norra-norrland\\\/kalender\\\/varldsaidsdagen-uppmarksammas-30-november-pa-radhustorget-i-umea\\\/#breadcrumb\",\"itemListElement\":[{\"@type\":\"ListItem\",\"position\":1,\"name\":\"Home\",\"item\":\"https:\\\/\\\/noaksark.org\\\/norra-norrland\\\/\"},{\"@type\":\"ListItem\",\"position\":2,\"name\":\"V\u00e4rldsaidsdagen uppm\u00e4rksammas 30 november p\u00e5 R\u00e5dhustorget i Ume\u00e5 med Red Ribbon\"}]},{\"@type\":\"WebSite\",\"@id\":\"https:\\\/\\\/noaksark.org\\\/norra-norrland\\\/#website\",\"url\":\"https:\\\/\\\/noaksark.org\\\/norra-norrland\\\/\",\"name\":\"Noaks Ark Norra Norrland\",\"description\":\"\",\"potentialAction\":[{\"@type\":\"SearchAction\",\"target\":{\"@type\":\"EntryPoint\",\"urlTemplate\":\"https:\\\/\\\/noaksark.org\\\/norra-norrland\\\/?s={search_term_string}\"},\"query-input\":{\"@type\":\"PropertyValueSpecification\",\"valueRequired\":true,\"valueName\":\"search_term_string\"}}],\"inLanguage\":\"sv-SE\"}]}<\/script>\n<!-- \/ Yoast SEO Premium plugin. -->","yoast_head_json":{"title":"V\u00e4rldsaidsdagen uppm\u00e4rksammas 30 november p\u00e5 R\u00e5dhustorget i Ume\u00e5 med Red Ribbon - Noaks Ark Norra Norrland","robots":{"index":"index","follow":"follow","max-snippet":"max-snippet:-1","max-image-preview":"max-image-preview:large","max-video-preview":"max-video-preview:-1"},"canonical":"https:\/\/noaksark.org\/norra-norrland\/kalender\/varldsaidsdagen-uppmarksammas-30-november-pa-radhustorget-i-umea\/","og_locale":"sv_SE","og_type":"article","og_title":"V\u00e4rldsaidsdagen uppm\u00e4rksammas 30 november p\u00e5 R\u00e5dhustorget i Ume\u00e5 med Red Ribbon","og_description":"Vi t\u00e4nker p\u00e5 dig, t\u00e4nker du p\u00e5 hiv? Den 1 december infaller World Aids Day, den internationella v\u00e4rldsaidsdagen. Det uppm\u00e4rksammar Noaks Ark Norra Norrland, RFSU Ume\u00e5, Hiv-Sverige, Posithiva Gruppen Norr och RFSL Ume\u00e5 tillsammans &#8211;...","og_url":"https:\/\/noaksark.org\/norra-norrland\/kalender\/varldsaidsdagen-uppmarksammas-30-november-pa-radhustorget-i-umea\/","og_site_name":"Noaks Ark Norra Norrland","article_modified_time":"2025-11-27T09:33:30+00:00","og_image":[{"width":2560,"height":2560,"url":"https:\/\/noaksark.org\/norra-norrland\/wp-content\/uploads\/sites\/3\/2025\/11\/20251124_143004-ny-the-one-scaled.jpg","type":"image\/jpeg"}],"twitter_card":"summary_large_image","twitter_misc":{"Ber\u00e4knad l\u00e4stid":"1 minut"},"schema":{"@context":"https:\/\/schema.org","@graph":[{"@type":"WebPage","@id":"https:\/\/noaksark.org\/norra-norrland\/kalender\/varldsaidsdagen-uppmarksammas-30-november-pa-radhustorget-i-umea\/","url":"https:\/\/noaksark.org\/norra-norrland\/kalender\/varldsaidsdagen-uppmarksammas-30-november-pa-radhustorget-i-umea\/","name":"V\u00e4rldsaidsdagen uppm\u00e4rksammas 30 november p\u00e5 R\u00e5dhustorget i Ume\u00e5 med Red Ribbon - Noaks Ark Norra Norrland","isPartOf":{"@id":"https:\/\/noaksark.org\/norra-norrland\/#website"},"primaryImageOfPage":{"@id":"https:\/\/noaksark.org\/norra-norrland\/kalender\/varldsaidsdagen-uppmarksammas-30-november-pa-radhustorget-i-umea\/#primaryimage"},"image":{"@id":"https:\/\/noaksark.org\/norra-norrland\/kalender\/varldsaidsdagen-uppmarksammas-30-november-pa-radhustorget-i-umea\/#primaryimage"},"thumbnailUrl":"https:\/\/noaksark.org\/norra-norrland\/wp-content\/uploads\/sites\/3\/2025\/11\/20251124_143004-ny-the-one-scaled.jpg","datePublished":"2025-11-25T14:34:46+00:00","dateModified":"2025-11-27T09:33:30+00:00","breadcrumb":{"@id":"https:\/\/noaksark.org\/norra-norrland\/kalender\/varldsaidsdagen-uppmarksammas-30-november-pa-radhustorget-i-umea\/#breadcrumb"},"inLanguage":"sv-SE","potentialAction":[{"@type":"ReadAction","target":["https:\/\/noaksark.org\/norra-norrland\/kalender\/varldsaidsdagen-uppmarksammas-30-november-pa-radhustorget-i-umea\/"]}]},{"@type":"ImageObject","inLanguage":"sv-SE","@id":"https:\/\/noaksark.org\/norra-norrland\/kalender\/varldsaidsdagen-uppmarksammas-30-november-pa-radhustorget-i-umea\/#primaryimage","url":"https:\/\/noaksark.org\/norra-norrland\/wp-content\/uploads\/sites\/3\/2025\/11\/20251124_143004-ny-the-one-scaled.jpg","contentUrl":"https:\/\/noaksark.org\/norra-norrland\/wp-content\/uploads\/sites\/3\/2025\/11\/20251124_143004-ny-the-one-scaled.jpg","width":2560,"height":2560,"caption":"Bild p\u00e5 R\u00f6da Bandet som st\u00e5r p\u00e5 R\u00e5dhustorget (som symboliserar solidaritet med personer som lever med hiv)."},{"@type":"BreadcrumbList","@id":"https:\/\/noaksark.org\/norra-norrland\/kalender\/varldsaidsdagen-uppmarksammas-30-november-pa-radhustorget-i-umea\/#breadcrumb","itemListElement":[{"@type":"ListItem","position":1,"name":"Home","item":"https:\/\/noaksark.org\/norra-norrland\/"},{"@type":"ListItem","position":2,"name":"V\u00e4rldsaidsdagen uppm\u00e4rksammas 30 november p\u00e5 R\u00e5dhustorget i Ume\u00e5 med Red Ribbon"}]},{"@type":"WebSite","@id":"https:\/\/noaksark.org\/norra-norrland\/#website","url":"https:\/\/noaksark.org\/norra-norrland\/","name":"Noaks Ark Norra Norrland","description":"","potentialAction":[{"@type":"SearchAction","target":{"@type":"EntryPoint","urlTemplate":"https:\/\/noaksark.org\/norra-norrland\/?s={search_term_string}"},"query-input":{"@type":"PropertyValueSpecification","valueRequired":true,"valueName":"search_term_string"}}],"inLanguage":"sv-SE"}]}},"_links":{"self":[{"href":"https:\/\/noaksark.org\/norra-norrland\/wp-json\/wp\/v2\/calendar\/1013","targetHints":{"allow":["GET"]}}],"collection":[{"href":"https:\/\/noaksark.org\/norra-norrland\/wp-json\/wp\/v2\/calendar"}],"about":[{"href":"https:\/\/noaksark.org\/norra-norrland\/wp-json\/wp\/v2\/types\/calendar"}],"wp:featuredmedia":[{"embeddable":true,"href":"https:\/\/noaksark.org\/norra-norrland\/wp-json\/wp\/v2\/media\/1016"}],"wp:attachment":[{"href":"https:\/\/noaksark.org\/norra-norrland\/wp-json\/wp\/v2\/media?parent=1013"}],"wp:term":[{"taxonomy":"calendar-category","embeddable":true,"href":"https:\/\/noaksark.org\/norra-norrland\/wp-json\/wp\/v2\/calendar-category?post=1013"},{"taxonomy":"target-group","embeddable":true,"href":"https:\/\/noaksark.org\/norra-norrland\/wp-json\/wp\/v2\/target-group?post=1013"},{"taxonomy":"calendar_tag","embeddable":true,"href":"https:\/\/noaksark.org\/norra-norrland\/wp-json\/wp\/v2\/calendar_tag?post=1013"}],"curies":[{"name":"wp","href":"https:\/\/api.w.org\/{rel}","templated":true}]}}