{"id":3595,"date":"2026-03-05T12:13:46","date_gmt":"2026-03-05T11:13:46","guid":{"rendered":"https:\/\/noaksark.org\/mosaik\/?post_type=calendar&#038;p=3595"},"modified":"2026-04-29T10:18:39","modified_gmt":"2026-04-29T08:18:39","slug":"socialtraff-pa-mosaik","status":"publish","type":"calendar","link":"https:\/\/noaksark.org\/mosaik\/kalender\/socialtraff-pa-mosaik\/","title":{"rendered":"V\u00e4lkommen till Mosaiks sociala fredags\u00adtr\u00e4ffar!"},"content":{"rendered":"\n<p>Varje fredag kl. 15\u201318<\/p>\n\n\n\n<p>Starta helgen hos oss p\u00e5 Mosaik. Varje fredag eftermiddag \u00f6ppnar vi d\u00f6rrarna f\u00f6r en social tr\u00e4ff d\u00e4r du kan koppla av, tr\u00e4ffa nya m\u00e4nniskor och vara en del av en trygg och v\u00e4lkomnande gemenskap.<\/p>\n\n\n\n<p>Vi bjuder p\u00e5 en gemensam m\u00e5ltid som skapar v\u00e4rme, samh\u00f6righet och ett naturligt sammanhang f\u00f6r samtal och relationsbyggande. Efter middagen forts\u00e4tter vi med olika kreativa och sociala aktiviteter \u2014 allt fr\u00e5n spel och samtal till enklare workshops, beroende p\u00e5 vad gruppen \u00f6nskar.<\/p>\n\n\n\n<p><strong>Kom som du \u00e4r.<br>H\u00e4r finns plats f\u00f6r b\u00e5de skratt, samtal och nya m\u00f6ten.<\/strong><\/p>\n\n\n\n<p>Vi ses p\u00e5 Mosaik, varje fredag mellan 15 och 18.<\/p>\n\n\n\n<p><\/p>\n","protected":false},"excerpt":{"rendered":"<p>Varje fredag kl. 15\u201318 Starta helgen hos oss p\u00e5 Mosaik. Varje fredag eftermiddag \u00f6ppnar vi d\u00f6rrarna f\u00f6r en social tr\u00e4ff d\u00e4r du kan koppla av, tr\u00e4ffa nya m\u00e4nniskor och vara en del av en trygg&#8230;<\/p>\n","protected":false},"featured_media":3815,"template":"","calendar-category":[],"target-group":[],"calendar_tag":[],"class_list":["post-3595","calendar","type-calendar","status-publish","has-post-thumbnail","hentry"],"acf":[],"yoast_head":"<!-- This site is optimized with the Yoast SEO Premium plugin v27.4 (Yoast SEO v27.5) - https:\/\/yoast.com\/product\/yoast-seo-premium-wordpress\/ -->\n<title>V\u00e4lkommen till Mosaiks sociala fredags\u00adtr\u00e4ffar! - Noaks Ark Mosaik - Sk\u00e5ne &amp; Blekinge<\/title>\n<meta name=\"description\" content=\"V\u00e4lkommen till Mosaiks sociala fredags\u00adtr\u00e4ffar i Malm\u00f6! Varje fredag kl. 15\u201318 bjuder vi p\u00e5 gemensam m\u00e5ltid, trygg gemenskap och kreativa aktiviteter. En \u00f6ppen m\u00f6tesplats f\u00f6r samtal, relationer och nya v\u00e4nner.\" \/>\n<meta name=\"robots\" content=\"index, follow, max-snippet:-1, max-image-preview:large, max-video-preview:-1\" \/>\n<link rel=\"canonical\" href=\"https:\/\/noaksark.org\/mosaik\/kalender\/socialtraff-pa-mosaik\/\" \/>\n<meta property=\"og:locale\" content=\"sv_SE\" \/>\n<meta property=\"og:type\" content=\"article\" \/>\n<meta property=\"og:title\" content=\"V\u00e4lkommen till Mosaiks sociala fredags\u00adtr\u00e4ffar!\" \/>\n<meta property=\"og:description\" content=\"V\u00e4lkommen till Mosaiks sociala fredags\u00adtr\u00e4ffar i Malm\u00f6! Varje fredag kl. 15\u201318 bjuder vi p\u00e5 gemensam m\u00e5ltid, trygg gemenskap och kreativa aktiviteter. En \u00f6ppen m\u00f6tesplats f\u00f6r samtal, relationer och nya v\u00e4nner.\" \/>\n<meta property=\"og:url\" content=\"https:\/\/noaksark.org\/mosaik\/kalender\/socialtraff-pa-mosaik\/\" \/>\n<meta property=\"og:site_name\" content=\"Noaks Ark Mosaik - Sk\u00e5ne &amp; Blekinge\" \/>\n<meta property=\"article:modified_time\" content=\"2026-04-29T08:18:39+00:00\" \/>\n<meta property=\"og:image\" content=\"https:\/\/noaksark.org\/mosaik\/wp-content\/uploads\/sites\/6\/2026\/03\/IG-FORMAT-5-1-819x1024.png\" \/>\n\t<meta property=\"og:image:width\" content=\"819\" \/>\n\t<meta property=\"og:image:height\" content=\"1024\" \/>\n\t<meta property=\"og:image:type\" content=\"image\/png\" \/>\n<meta name=\"twitter:card\" content=\"summary_large_image\" \/>\n<meta name=\"twitter:label1\" content=\"Ber\u00e4knad l\u00e4stid\" \/>\n\t<meta name=\"twitter:data1\" content=\"1 minut\" \/>\n<script type=\"application\/ld+json\" class=\"yoast-schema-graph\">{\"@context\":\"https:\\\/\\\/schema.org\",\"@graph\":[{\"@type\":\"WebPage\",\"@id\":\"https:\\\/\\\/noaksark.org\\\/mosaik\\\/kalender\\\/socialtraff-pa-mosaik\\\/\",\"url\":\"https:\\\/\\\/noaksark.org\\\/mosaik\\\/kalender\\\/socialtraff-pa-mosaik\\\/\",\"name\":\"V\u00e4lkommen till Mosaiks sociala fredags\u00adtr\u00e4ffar! - Noaks Ark Mosaik - Sk\u00e5ne &amp; Blekinge\",\"isPartOf\":{\"@id\":\"https:\\\/\\\/noaksark.org\\\/mosaik\\\/#website\"},\"primaryImageOfPage\":{\"@id\":\"https:\\\/\\\/noaksark.org\\\/mosaik\\\/kalender\\\/socialtraff-pa-mosaik\\\/#primaryimage\"},\"image\":{\"@id\":\"https:\\\/\\\/noaksark.org\\\/mosaik\\\/kalender\\\/socialtraff-pa-mosaik\\\/#primaryimage\"},\"thumbnailUrl\":\"https:\\\/\\\/noaksark.org\\\/mosaik\\\/wp-content\\\/uploads\\\/sites\\\/6\\\/2026\\\/03\\\/IG-FORMAT-5-1-scaled.png\",\"datePublished\":\"2026-03-05T11:13:46+00:00\",\"dateModified\":\"2026-04-29T08:18:39+00:00\",\"description\":\"V\u00e4lkommen till Mosaiks sociala fredags\u00adtr\u00e4ffar i Malm\u00f6! Varje fredag kl. 15\u201318 bjuder vi p\u00e5 gemensam m\u00e5ltid, trygg gemenskap och kreativa aktiviteter. En \u00f6ppen m\u00f6tesplats f\u00f6r samtal, relationer och nya v\u00e4nner.\",\"breadcrumb\":{\"@id\":\"https:\\\/\\\/noaksark.org\\\/mosaik\\\/kalender\\\/socialtraff-pa-mosaik\\\/#breadcrumb\"},\"inLanguage\":\"sv-SE\",\"potentialAction\":[{\"@type\":\"ReadAction\",\"target\":[\"https:\\\/\\\/noaksark.org\\\/mosaik\\\/kalender\\\/socialtraff-pa-mosaik\\\/\"]}]},{\"@type\":\"ImageObject\",\"inLanguage\":\"sv-SE\",\"@id\":\"https:\\\/\\\/noaksark.org\\\/mosaik\\\/kalender\\\/socialtraff-pa-mosaik\\\/#primaryimage\",\"url\":\"https:\\\/\\\/noaksark.org\\\/mosaik\\\/wp-content\\\/uploads\\\/sites\\\/6\\\/2026\\\/03\\\/IG-FORMAT-5-1-scaled.png\",\"contentUrl\":\"https:\\\/\\\/noaksark.org\\\/mosaik\\\/wp-content\\\/uploads\\\/sites\\\/6\\\/2026\\\/03\\\/IG-FORMAT-5-1-scaled.png\",\"width\":2048,\"height\":2560},{\"@type\":\"BreadcrumbList\",\"@id\":\"https:\\\/\\\/noaksark.org\\\/mosaik\\\/kalender\\\/socialtraff-pa-mosaik\\\/#breadcrumb\",\"itemListElement\":[{\"@type\":\"ListItem\",\"position\":1,\"name\":\"Home\",\"item\":\"https:\\\/\\\/noaksark.org\\\/mosaik\\\/\"},{\"@type\":\"ListItem\",\"position\":2,\"name\":\"V\u00e4lkommen till Mosaiks sociala fredags\u00adtr\u00e4ffar!\"}]},{\"@type\":\"WebSite\",\"@id\":\"https:\\\/\\\/noaksark.org\\\/mosaik\\\/#website\",\"url\":\"https:\\\/\\\/noaksark.org\\\/mosaik\\\/\",\"name\":\"Noaks Ark Mosaik - Sk\u00e5ne &amp; Blekinge\",\"description\":\"\",\"potentialAction\":[{\"@type\":\"SearchAction\",\"target\":{\"@type\":\"EntryPoint\",\"urlTemplate\":\"https:\\\/\\\/noaksark.org\\\/mosaik\\\/?s={search_term_string}\"},\"query-input\":{\"@type\":\"PropertyValueSpecification\",\"valueRequired\":true,\"valueName\":\"search_term_string\"}}],\"inLanguage\":\"sv-SE\"}]}<\/script>\n<!-- \/ Yoast SEO Premium plugin. -->","yoast_head_json":{"title":"V\u00e4lkommen till Mosaiks sociala fredags\u00adtr\u00e4ffar! - Noaks Ark Mosaik - Sk\u00e5ne &amp; Blekinge","description":"V\u00e4lkommen till Mosaiks sociala fredags\u00adtr\u00e4ffar i Malm\u00f6! Varje fredag kl. 15\u201318 bjuder vi p\u00e5 gemensam m\u00e5ltid, trygg gemenskap och kreativa aktiviteter. En \u00f6ppen m\u00f6tesplats f\u00f6r samtal, relationer och nya v\u00e4nner.","robots":{"index":"index","follow":"follow","max-snippet":"max-snippet:-1","max-image-preview":"max-image-preview:large","max-video-preview":"max-video-preview:-1"},"canonical":"https:\/\/noaksark.org\/mosaik\/kalender\/socialtraff-pa-mosaik\/","og_locale":"sv_SE","og_type":"article","og_title":"V\u00e4lkommen till Mosaiks sociala fredags\u00adtr\u00e4ffar!","og_description":"V\u00e4lkommen till Mosaiks sociala fredags\u00adtr\u00e4ffar i Malm\u00f6! Varje fredag kl. 15\u201318 bjuder vi p\u00e5 gemensam m\u00e5ltid, trygg gemenskap och kreativa aktiviteter. En \u00f6ppen m\u00f6tesplats f\u00f6r samtal, relationer och nya v\u00e4nner.","og_url":"https:\/\/noaksark.org\/mosaik\/kalender\/socialtraff-pa-mosaik\/","og_site_name":"Noaks Ark Mosaik - Sk\u00e5ne &amp; Blekinge","article_modified_time":"2026-04-29T08:18:39+00:00","og_image":[{"width":819,"height":1024,"url":"https:\/\/noaksark.org\/mosaik\/wp-content\/uploads\/sites\/6\/2026\/03\/IG-FORMAT-5-1-819x1024.png","type":"image\/png"}],"twitter_card":"summary_large_image","twitter_misc":{"Ber\u00e4knad l\u00e4stid":"1 minut"},"schema":{"@context":"https:\/\/schema.org","@graph":[{"@type":"WebPage","@id":"https:\/\/noaksark.org\/mosaik\/kalender\/socialtraff-pa-mosaik\/","url":"https:\/\/noaksark.org\/mosaik\/kalender\/socialtraff-pa-mosaik\/","name":"V\u00e4lkommen till Mosaiks sociala fredags\u00adtr\u00e4ffar! - Noaks Ark Mosaik - Sk\u00e5ne &amp; Blekinge","isPartOf":{"@id":"https:\/\/noaksark.org\/mosaik\/#website"},"primaryImageOfPage":{"@id":"https:\/\/noaksark.org\/mosaik\/kalender\/socialtraff-pa-mosaik\/#primaryimage"},"image":{"@id":"https:\/\/noaksark.org\/mosaik\/kalender\/socialtraff-pa-mosaik\/#primaryimage"},"thumbnailUrl":"https:\/\/noaksark.org\/mosaik\/wp-content\/uploads\/sites\/6\/2026\/03\/IG-FORMAT-5-1-scaled.png","datePublished":"2026-03-05T11:13:46+00:00","dateModified":"2026-04-29T08:18:39+00:00","description":"V\u00e4lkommen till Mosaiks sociala fredags\u00adtr\u00e4ffar i Malm\u00f6! Varje fredag kl. 15\u201318 bjuder vi p\u00e5 gemensam m\u00e5ltid, trygg gemenskap och kreativa aktiviteter. En \u00f6ppen m\u00f6tesplats f\u00f6r samtal, relationer och nya v\u00e4nner.","breadcrumb":{"@id":"https:\/\/noaksark.org\/mosaik\/kalender\/socialtraff-pa-mosaik\/#breadcrumb"},"inLanguage":"sv-SE","potentialAction":[{"@type":"ReadAction","target":["https:\/\/noaksark.org\/mosaik\/kalender\/socialtraff-pa-mosaik\/"]}]},{"@type":"ImageObject","inLanguage":"sv-SE","@id":"https:\/\/noaksark.org\/mosaik\/kalender\/socialtraff-pa-mosaik\/#primaryimage","url":"https:\/\/noaksark.org\/mosaik\/wp-content\/uploads\/sites\/6\/2026\/03\/IG-FORMAT-5-1-scaled.png","contentUrl":"https:\/\/noaksark.org\/mosaik\/wp-content\/uploads\/sites\/6\/2026\/03\/IG-FORMAT-5-1-scaled.png","width":2048,"height":2560},{"@type":"BreadcrumbList","@id":"https:\/\/noaksark.org\/mosaik\/kalender\/socialtraff-pa-mosaik\/#breadcrumb","itemListElement":[{"@type":"ListItem","position":1,"name":"Home","item":"https:\/\/noaksark.org\/mosaik\/"},{"@type":"ListItem","position":2,"name":"V\u00e4lkommen till Mosaiks sociala fredags\u00adtr\u00e4ffar!"}]},{"@type":"WebSite","@id":"https:\/\/noaksark.org\/mosaik\/#website","url":"https:\/\/noaksark.org\/mosaik\/","name":"Noaks Ark Mosaik - Sk\u00e5ne &amp; Blekinge","description":"","potentialAction":[{"@type":"SearchAction","target":{"@type":"EntryPoint","urlTemplate":"https:\/\/noaksark.org\/mosaik\/?s={search_term_string}"},"query-input":{"@type":"PropertyValueSpecification","valueRequired":true,"valueName":"search_term_string"}}],"inLanguage":"sv-SE"}]}},"_links":{"self":[{"href":"https:\/\/noaksark.org\/mosaik\/wp-json\/wp\/v2\/calendar\/3595","targetHints":{"allow":["GET"]}}],"collection":[{"href":"https:\/\/noaksark.org\/mosaik\/wp-json\/wp\/v2\/calendar"}],"about":[{"href":"https:\/\/noaksark.org\/mosaik\/wp-json\/wp\/v2\/types\/calendar"}],"wp:featuredmedia":[{"embeddable":true,"href":"https:\/\/noaksark.org\/mosaik\/wp-json\/wp\/v2\/media\/3815"}],"wp:attachment":[{"href":"https:\/\/noaksark.org\/mosaik\/wp-json\/wp\/v2\/media?parent=3595"}],"wp:term":[{"taxonomy":"calendar-category","embeddable":true,"href":"https:\/\/noaksark.org\/mosaik\/wp-json\/wp\/v2\/calendar-category?post=3595"},{"taxonomy":"target-group","embeddable":true,"href":"https:\/\/noaksark.org\/mosaik\/wp-json\/wp\/v2\/target-group?post=3595"},{"taxonomy":"calendar_tag","embeddable":true,"href":"https:\/\/noaksark.org\/mosaik\/wp-json\/wp\/v2\/calendar_tag?post=3595"}],"curies":[{"name":"wp","href":"https:\/\/api.w.org\/{rel}","templated":true}]}}