{"id":3308,"date":"2026-03-27T14:16:16","date_gmt":"2026-03-27T13:16:16","guid":{"rendered":"https:\/\/noaksark.org\/gvg\/?post_type=calendar&#038;p=3308"},"modified":"2026-03-27T14:16:17","modified_gmt":"2026-03-27T13:16:17","slug":"ga-pride-paraden-med-oss-pg-vast","status":"publish","type":"calendar","link":"https:\/\/noaksark.org\/gvg\/kalender\/ga-pride-paraden-med-oss-pg-vast\/","title":{"rendered":"G\u00e5 Pride Paraden med oss &amp; PG V\u00e4st!"},"content":{"rendered":"\n<p>Noaks Ark GVG + Positiva Gruppen V\u00e4st \ud83c\udff3\ufe0f\u200d\ud83c\udf08<\/p>\n\n\n\n<p class=\"has-medium-font-size\"><strong>Vi g\u00e5r tillsammans med Positiva Gruppen V\u00e4st i West Prides Prideparad. Tillsammans st\u00e5r vi upp f\u00f6r personer som lever med hiv och f\u00f6r allas r\u00e4tt att leva \u00f6ppet, tryggt och med stolthet. <\/strong><\/p>\n\n\n\n<p><em>Prideparaden \u00e4ger rum den 13 juni 2026 med start kl. 13.00 fr\u00e5n Gustav Adolfs Torg.<\/em> Vi kommer att uppdatera sidan n\u00e4r vi best\u00e4mt plats f\u00f6r att m\u00f6tas upp vid, f\u00f6r att sedan gemensamt g\u00e5 till v\u00e5r paradplats. <\/p>\n\n\n\n<div style=\"height:100px\" aria-hidden=\"true\" class=\"wp-block-spacer\"><\/div>\n\n\n\n<p>Noaks Ark och Positiva Gruppen V\u00e4st arbetar f\u00f6r st\u00f6d, r\u00e4ttigheter och \u00f6kad kunskap om hiv, inklusive att behandlad hiv inte \u00f6verf\u00f6rs. <\/p>\n\n\n\n<p><em>Vi s\u00f6ker ocks\u00e5 volont\u00e4rer som vill hj\u00e4lpa till under West Pride. Vill du vara med som volont\u00e4r? Maila oss p\u00e5 <a href=\"mailto:info.goteborg@noaksark.org\">info.goteborg@noaksark.org<\/a>. <\/em><\/p>\n\n\n\n<p><\/p>\n","protected":false},"excerpt":{"rendered":"<p>Noaks Ark GVG + Positiva Gruppen V\u00e4st \ud83c\udff3\ufe0f\u200d\ud83c\udf08 Vi g\u00e5r tillsammans med Positiva Gruppen V\u00e4st i West Prides Prideparad. Tillsammans st\u00e5r vi upp f\u00f6r personer som lever med hiv och f\u00f6r allas r\u00e4tt att leva&#8230;<\/p>\n","protected":false},"featured_media":3309,"template":"","calendar-category":[],"target-group":[],"calendar_tag":[],"class_list":["post-3308","calendar","type-calendar","status-publish","has-post-thumbnail","hentry"],"acf":[],"yoast_head":"<!-- This site is optimized with the Yoast SEO Premium plugin v27.4 (Yoast SEO v27.5) - https:\/\/yoast.com\/product\/yoast-seo-premium-wordpress\/ -->\n<title>G\u00e5 Pride Paraden med oss &amp; PG V\u00e4st! - Noaks Ark G\u00f6teborg &amp; V\u00e4stra G\u00f6taland<\/title>\n<meta name=\"robots\" content=\"index, follow, max-snippet:-1, max-image-preview:large, max-video-preview:-1\" \/>\n<link rel=\"canonical\" href=\"https:\/\/noaksark.org\/gvg\/kalender\/ga-pride-paraden-med-oss-pg-vast\/\" \/>\n<meta property=\"og:locale\" content=\"sv_SE\" \/>\n<meta property=\"og:type\" content=\"article\" \/>\n<meta property=\"og:title\" content=\"G\u00e5 Pride Paraden med oss &amp; PG V\u00e4st!\" \/>\n<meta property=\"og:description\" content=\"Noaks Ark GVG + Positiva Gruppen V\u00e4st \ud83c\udff3\ufe0f\u200d\ud83c\udf08 Vi g\u00e5r tillsammans med Positiva Gruppen V\u00e4st i West Prides Prideparad. Tillsammans st\u00e5r vi upp f\u00f6r personer som lever med hiv och f\u00f6r allas r\u00e4tt att leva...\" \/>\n<meta property=\"og:url\" content=\"https:\/\/noaksark.org\/gvg\/kalender\/ga-pride-paraden-med-oss-pg-vast\/\" \/>\n<meta property=\"og:site_name\" content=\"Noaks Ark G\u00f6teborg &amp; V\u00e4stra G\u00f6taland\" \/>\n<meta property=\"article:modified_time\" content=\"2026-03-27T13:16:17+00:00\" \/>\n<meta property=\"og:image\" content=\"https:\/\/noaksark.org\/gvg\/wp-content\/uploads\/sites\/7\/2026\/03\/Ga-Pride-Paraden-med-oss-och-PG-Vast.png\" \/>\n\t<meta property=\"og:image:width\" content=\"1080\" \/>\n\t<meta property=\"og:image:height\" content=\"1350\" \/>\n\t<meta property=\"og:image:type\" content=\"image\/png\" \/>\n<meta name=\"twitter:card\" content=\"summary_large_image\" \/>\n<meta name=\"twitter:label1\" content=\"Ber\u00e4knad l\u00e4stid\" \/>\n\t<meta name=\"twitter:data1\" content=\"1 minut\" \/>\n<script type=\"application\/ld+json\" class=\"yoast-schema-graph\">{\"@context\":\"https:\\\/\\\/schema.org\",\"@graph\":[{\"@type\":\"WebPage\",\"@id\":\"https:\\\/\\\/noaksark.org\\\/gvg\\\/kalender\\\/ga-pride-paraden-med-oss-pg-vast\\\/\",\"url\":\"https:\\\/\\\/noaksark.org\\\/gvg\\\/kalender\\\/ga-pride-paraden-med-oss-pg-vast\\\/\",\"name\":\"G\u00e5 Pride Paraden med oss &amp; PG V\u00e4st! - Noaks Ark G\u00f6teborg &amp; V\u00e4stra G\u00f6taland\",\"isPartOf\":{\"@id\":\"https:\\\/\\\/noaksark.org\\\/gvg\\\/#website\"},\"primaryImageOfPage\":{\"@id\":\"https:\\\/\\\/noaksark.org\\\/gvg\\\/kalender\\\/ga-pride-paraden-med-oss-pg-vast\\\/#primaryimage\"},\"image\":{\"@id\":\"https:\\\/\\\/noaksark.org\\\/gvg\\\/kalender\\\/ga-pride-paraden-med-oss-pg-vast\\\/#primaryimage\"},\"thumbnailUrl\":\"https:\\\/\\\/noaksark.org\\\/gvg\\\/wp-content\\\/uploads\\\/sites\\\/7\\\/2026\\\/03\\\/Ga-Pride-Paraden-med-oss-och-PG-Vast.png\",\"datePublished\":\"2026-03-27T13:16:16+00:00\",\"dateModified\":\"2026-03-27T13:16:17+00:00\",\"breadcrumb\":{\"@id\":\"https:\\\/\\\/noaksark.org\\\/gvg\\\/kalender\\\/ga-pride-paraden-med-oss-pg-vast\\\/#breadcrumb\"},\"inLanguage\":\"sv-SE\",\"potentialAction\":[{\"@type\":\"ReadAction\",\"target\":[\"https:\\\/\\\/noaksark.org\\\/gvg\\\/kalender\\\/ga-pride-paraden-med-oss-pg-vast\\\/\"]}]},{\"@type\":\"ImageObject\",\"inLanguage\":\"sv-SE\",\"@id\":\"https:\\\/\\\/noaksark.org\\\/gvg\\\/kalender\\\/ga-pride-paraden-med-oss-pg-vast\\\/#primaryimage\",\"url\":\"https:\\\/\\\/noaksark.org\\\/gvg\\\/wp-content\\\/uploads\\\/sites\\\/7\\\/2026\\\/03\\\/Ga-Pride-Paraden-med-oss-och-PG-Vast.png\",\"contentUrl\":\"https:\\\/\\\/noaksark.org\\\/gvg\\\/wp-content\\\/uploads\\\/sites\\\/7\\\/2026\\\/03\\\/Ga-Pride-Paraden-med-oss-och-PG-Vast.png\",\"width\":1080,\"height\":1350},{\"@type\":\"BreadcrumbList\",\"@id\":\"https:\\\/\\\/noaksark.org\\\/gvg\\\/kalender\\\/ga-pride-paraden-med-oss-pg-vast\\\/#breadcrumb\",\"itemListElement\":[{\"@type\":\"ListItem\",\"position\":1,\"name\":\"Home\",\"item\":\"https:\\\/\\\/noaksark.org\\\/gvg\\\/\"},{\"@type\":\"ListItem\",\"position\":2,\"name\":\"G\u00e5 Pride Paraden med oss &amp; PG V\u00e4st!\"}]},{\"@type\":\"WebSite\",\"@id\":\"https:\\\/\\\/noaksark.org\\\/gvg\\\/#website\",\"url\":\"https:\\\/\\\/noaksark.org\\\/gvg\\\/\",\"name\":\"Noaks Ark G\u00f6teborg &amp; V\u00e4stra G\u00f6taland\",\"description\":\"\",\"potentialAction\":[{\"@type\":\"SearchAction\",\"target\":{\"@type\":\"EntryPoint\",\"urlTemplate\":\"https:\\\/\\\/noaksark.org\\\/gvg\\\/?s={search_term_string}\"},\"query-input\":{\"@type\":\"PropertyValueSpecification\",\"valueRequired\":true,\"valueName\":\"search_term_string\"}}],\"inLanguage\":\"sv-SE\"}]}<\/script>\n<!-- \/ Yoast SEO Premium plugin. -->","yoast_head_json":{"title":"G\u00e5 Pride Paraden med oss &amp; PG V\u00e4st! - Noaks Ark G\u00f6teborg &amp; V\u00e4stra G\u00f6taland","robots":{"index":"index","follow":"follow","max-snippet":"max-snippet:-1","max-image-preview":"max-image-preview:large","max-video-preview":"max-video-preview:-1"},"canonical":"https:\/\/noaksark.org\/gvg\/kalender\/ga-pride-paraden-med-oss-pg-vast\/","og_locale":"sv_SE","og_type":"article","og_title":"G\u00e5 Pride Paraden med oss &amp; PG V\u00e4st!","og_description":"Noaks Ark GVG + Positiva Gruppen V\u00e4st \ud83c\udff3\ufe0f\u200d\ud83c\udf08 Vi g\u00e5r tillsammans med Positiva Gruppen V\u00e4st i West Prides Prideparad. Tillsammans st\u00e5r vi upp f\u00f6r personer som lever med hiv och f\u00f6r allas r\u00e4tt att leva...","og_url":"https:\/\/noaksark.org\/gvg\/kalender\/ga-pride-paraden-med-oss-pg-vast\/","og_site_name":"Noaks Ark G\u00f6teborg &amp; V\u00e4stra G\u00f6taland","article_modified_time":"2026-03-27T13:16:17+00:00","og_image":[{"width":1080,"height":1350,"url":"https:\/\/noaksark.org\/gvg\/wp-content\/uploads\/sites\/7\/2026\/03\/Ga-Pride-Paraden-med-oss-och-PG-Vast.png","type":"image\/png"}],"twitter_card":"summary_large_image","twitter_misc":{"Ber\u00e4knad l\u00e4stid":"1 minut"},"schema":{"@context":"https:\/\/schema.org","@graph":[{"@type":"WebPage","@id":"https:\/\/noaksark.org\/gvg\/kalender\/ga-pride-paraden-med-oss-pg-vast\/","url":"https:\/\/noaksark.org\/gvg\/kalender\/ga-pride-paraden-med-oss-pg-vast\/","name":"G\u00e5 Pride Paraden med oss &amp; PG V\u00e4st! - Noaks Ark G\u00f6teborg &amp; V\u00e4stra G\u00f6taland","isPartOf":{"@id":"https:\/\/noaksark.org\/gvg\/#website"},"primaryImageOfPage":{"@id":"https:\/\/noaksark.org\/gvg\/kalender\/ga-pride-paraden-med-oss-pg-vast\/#primaryimage"},"image":{"@id":"https:\/\/noaksark.org\/gvg\/kalender\/ga-pride-paraden-med-oss-pg-vast\/#primaryimage"},"thumbnailUrl":"https:\/\/noaksark.org\/gvg\/wp-content\/uploads\/sites\/7\/2026\/03\/Ga-Pride-Paraden-med-oss-och-PG-Vast.png","datePublished":"2026-03-27T13:16:16+00:00","dateModified":"2026-03-27T13:16:17+00:00","breadcrumb":{"@id":"https:\/\/noaksark.org\/gvg\/kalender\/ga-pride-paraden-med-oss-pg-vast\/#breadcrumb"},"inLanguage":"sv-SE","potentialAction":[{"@type":"ReadAction","target":["https:\/\/noaksark.org\/gvg\/kalender\/ga-pride-paraden-med-oss-pg-vast\/"]}]},{"@type":"ImageObject","inLanguage":"sv-SE","@id":"https:\/\/noaksark.org\/gvg\/kalender\/ga-pride-paraden-med-oss-pg-vast\/#primaryimage","url":"https:\/\/noaksark.org\/gvg\/wp-content\/uploads\/sites\/7\/2026\/03\/Ga-Pride-Paraden-med-oss-och-PG-Vast.png","contentUrl":"https:\/\/noaksark.org\/gvg\/wp-content\/uploads\/sites\/7\/2026\/03\/Ga-Pride-Paraden-med-oss-och-PG-Vast.png","width":1080,"height":1350},{"@type":"BreadcrumbList","@id":"https:\/\/noaksark.org\/gvg\/kalender\/ga-pride-paraden-med-oss-pg-vast\/#breadcrumb","itemListElement":[{"@type":"ListItem","position":1,"name":"Home","item":"https:\/\/noaksark.org\/gvg\/"},{"@type":"ListItem","position":2,"name":"G\u00e5 Pride Paraden med oss &amp; PG V\u00e4st!"}]},{"@type":"WebSite","@id":"https:\/\/noaksark.org\/gvg\/#website","url":"https:\/\/noaksark.org\/gvg\/","name":"Noaks Ark G\u00f6teborg &amp; V\u00e4stra G\u00f6taland","description":"","potentialAction":[{"@type":"SearchAction","target":{"@type":"EntryPoint","urlTemplate":"https:\/\/noaksark.org\/gvg\/?s={search_term_string}"},"query-input":{"@type":"PropertyValueSpecification","valueRequired":true,"valueName":"search_term_string"}}],"inLanguage":"sv-SE"}]}},"_links":{"self":[{"href":"https:\/\/noaksark.org\/gvg\/wp-json\/wp\/v2\/calendar\/3308","targetHints":{"allow":["GET"]}}],"collection":[{"href":"https:\/\/noaksark.org\/gvg\/wp-json\/wp\/v2\/calendar"}],"about":[{"href":"https:\/\/noaksark.org\/gvg\/wp-json\/wp\/v2\/types\/calendar"}],"wp:featuredmedia":[{"embeddable":true,"href":"https:\/\/noaksark.org\/gvg\/wp-json\/wp\/v2\/media\/3309"}],"wp:attachment":[{"href":"https:\/\/noaksark.org\/gvg\/wp-json\/wp\/v2\/media?parent=3308"}],"wp:term":[{"taxonomy":"calendar-category","embeddable":true,"href":"https:\/\/noaksark.org\/gvg\/wp-json\/wp\/v2\/calendar-category?post=3308"},{"taxonomy":"target-group","embeddable":true,"href":"https:\/\/noaksark.org\/gvg\/wp-json\/wp\/v2\/target-group?post=3308"},{"taxonomy":"calendar_tag","embeddable":true,"href":"https:\/\/noaksark.org\/gvg\/wp-json\/wp\/v2\/calendar_tag?post=3308"}],"curies":[{"name":"wp","href":"https:\/\/api.w.org\/{rel}","templated":true}]}}