{"id":3302,"date":"2026-03-27T12:09:02","date_gmt":"2026-03-27T11:09:02","guid":{"rendered":"https:\/\/noaksark.org\/gvg\/?post_type=calendar&#038;p=3302"},"modified":"2026-04-13T16:17:50","modified_gmt":"2026-04-13T14:17:50","slug":"social-traff-sommaravslutning","status":"publish","type":"calendar","link":"https:\/\/noaksark.org\/gvg\/kalender\/social-traff-sommaravslutning\/","title":{"rendered":"Social tr\u00e4ff; Sommaravslutning"},"content":{"rendered":"\n<p class=\"has-large-font-size\"><strong>V\u00e4lkommen till terminens sommaravslutning f\u00f6r personer som lever med hiv och deras n\u00e4rst\u00e5ende. <\/strong><\/p>\n\n\n\n<p>Vi planerar att tr\u00e4ffas utomhus, om v\u00e4dret till\u00e5ter, f\u00f6r att inviga sommaren tillsammans. Det blir en social och avslappnad tr\u00e4ff med fokus p\u00e5 gemenskap, samtal och att umg\u00e5s i en trygg milj\u00f6.<\/p>\n\n\n\n<div style=\"height:60px\" aria-hidden=\"true\" class=\"wp-block-spacer\"><\/div>\n\n\n\n<p><em>Mer information om plats och uppl\u00e4gg kommer inom kort.<\/em><\/p>\n\n\n\n<div style=\"height:60px\" aria-hidden=\"true\" class=\"wp-block-spacer\"><\/div>\n\n\n\n<p>F\u00f6r mer information eller om du vill anm\u00e4la dig \u00e4r du v\u00e4lkommen att kontakta \u00e5r socionom Eliza p\u00e5 <a href=\"mailto:eliza.ohberg@noaksark.org\">eliza.ohberg@noaksark.org<\/a>.<\/p>\n\n\n\n<p><\/p>\n","protected":false},"excerpt":{"rendered":"<p>V\u00e4lkommen till terminens sommaravslutning f\u00f6r personer som lever med hiv och deras n\u00e4rst\u00e5ende. Vi planerar att tr\u00e4ffas utomhus, om v\u00e4dret till\u00e5ter, f\u00f6r att inviga sommaren tillsammans. Det blir en social och avslappnad tr\u00e4ff med fokus&#8230;<\/p>\n","protected":false},"featured_media":3303,"template":"","calendar-category":[],"target-group":[],"calendar_tag":[],"class_list":["post-3302","calendar","type-calendar","status-publish","has-post-thumbnail","hentry"],"acf":[],"yoast_head":"<!-- This site is optimized with the Yoast SEO Premium plugin v27.4 (Yoast SEO v27.5) - https:\/\/yoast.com\/product\/yoast-seo-premium-wordpress\/ -->\n<title>Social tr\u00e4ff; Sommaravslutning - Noaks Ark G\u00f6teborg &amp; V\u00e4stra G\u00f6taland<\/title>\n<meta name=\"robots\" content=\"index, follow, max-snippet:-1, max-image-preview:large, max-video-preview:-1\" \/>\n<link rel=\"canonical\" href=\"https:\/\/noaksark.org\/gvg\/kalender\/social-traff-sommaravslutning\/\" \/>\n<meta property=\"og:locale\" content=\"sv_SE\" \/>\n<meta property=\"og:type\" content=\"article\" \/>\n<meta property=\"og:title\" content=\"Social tr\u00e4ff; Sommaravslutning\" \/>\n<meta property=\"og:description\" content=\"V\u00e4lkommen till terminens sommaravslutning f\u00f6r personer som lever med hiv och deras n\u00e4rst\u00e5ende. Vi planerar att tr\u00e4ffas utomhus, om v\u00e4dret till\u00e5ter, f\u00f6r att inviga sommaren tillsammans. Det blir en social och avslappnad tr\u00e4ff med fokus...\" \/>\n<meta property=\"og:url\" content=\"https:\/\/noaksark.org\/gvg\/kalender\/social-traff-sommaravslutning\/\" \/>\n<meta property=\"og:site_name\" content=\"Noaks Ark G\u00f6teborg &amp; V\u00e4stra G\u00f6taland\" \/>\n<meta property=\"article:modified_time\" content=\"2026-04-13T14:17:50+00:00\" \/>\n<meta property=\"og:image\" content=\"https:\/\/noaksark.org\/gvg\/wp-content\/uploads\/sites\/7\/2026\/03\/pexels-jonathan-cordova-r-2637981-35293585-scaled.jpg\" \/>\n\t<meta property=\"og:image:width\" content=\"1440\" \/>\n\t<meta property=\"og:image:height\" content=\"2560\" \/>\n\t<meta property=\"og:image:type\" content=\"image\/jpeg\" \/>\n<meta name=\"twitter:card\" content=\"summary_large_image\" \/>\n<meta name=\"twitter:label1\" content=\"Ber\u00e4knad l\u00e4stid\" \/>\n\t<meta name=\"twitter:data1\" content=\"1 minut\" \/>\n<script type=\"application\/ld+json\" class=\"yoast-schema-graph\">{\"@context\":\"https:\\\/\\\/schema.org\",\"@graph\":[{\"@type\":\"WebPage\",\"@id\":\"https:\\\/\\\/noaksark.org\\\/gvg\\\/kalender\\\/social-traff-sommaravslutning\\\/\",\"url\":\"https:\\\/\\\/noaksark.org\\\/gvg\\\/kalender\\\/social-traff-sommaravslutning\\\/\",\"name\":\"Social tr\u00e4ff; Sommaravslutning - Noaks Ark G\u00f6teborg &amp; V\u00e4stra G\u00f6taland\",\"isPartOf\":{\"@id\":\"https:\\\/\\\/noaksark.org\\\/gvg\\\/#website\"},\"primaryImageOfPage\":{\"@id\":\"https:\\\/\\\/noaksark.org\\\/gvg\\\/kalender\\\/social-traff-sommaravslutning\\\/#primaryimage\"},\"image\":{\"@id\":\"https:\\\/\\\/noaksark.org\\\/gvg\\\/kalender\\\/social-traff-sommaravslutning\\\/#primaryimage\"},\"thumbnailUrl\":\"https:\\\/\\\/noaksark.org\\\/gvg\\\/wp-content\\\/uploads\\\/sites\\\/7\\\/2026\\\/03\\\/pexels-jonathan-cordova-r-2637981-35293585-scaled.jpg\",\"datePublished\":\"2026-03-27T11:09:02+00:00\",\"dateModified\":\"2026-04-13T14:17:50+00:00\",\"breadcrumb\":{\"@id\":\"https:\\\/\\\/noaksark.org\\\/gvg\\\/kalender\\\/social-traff-sommaravslutning\\\/#breadcrumb\"},\"inLanguage\":\"sv-SE\",\"potentialAction\":[{\"@type\":\"ReadAction\",\"target\":[\"https:\\\/\\\/noaksark.org\\\/gvg\\\/kalender\\\/social-traff-sommaravslutning\\\/\"]}]},{\"@type\":\"ImageObject\",\"inLanguage\":\"sv-SE\",\"@id\":\"https:\\\/\\\/noaksark.org\\\/gvg\\\/kalender\\\/social-traff-sommaravslutning\\\/#primaryimage\",\"url\":\"https:\\\/\\\/noaksark.org\\\/gvg\\\/wp-content\\\/uploads\\\/sites\\\/7\\\/2026\\\/03\\\/pexels-jonathan-cordova-r-2637981-35293585-scaled.jpg\",\"contentUrl\":\"https:\\\/\\\/noaksark.org\\\/gvg\\\/wp-content\\\/uploads\\\/sites\\\/7\\\/2026\\\/03\\\/pexels-jonathan-cordova-r-2637981-35293585-scaled.jpg\",\"width\":1440,\"height\":2560},{\"@type\":\"BreadcrumbList\",\"@id\":\"https:\\\/\\\/noaksark.org\\\/gvg\\\/kalender\\\/social-traff-sommaravslutning\\\/#breadcrumb\",\"itemListElement\":[{\"@type\":\"ListItem\",\"position\":1,\"name\":\"Home\",\"item\":\"https:\\\/\\\/noaksark.org\\\/gvg\\\/\"},{\"@type\":\"ListItem\",\"position\":2,\"name\":\"Social tr\u00e4ff; Sommaravslutning\"}]},{\"@type\":\"WebSite\",\"@id\":\"https:\\\/\\\/noaksark.org\\\/gvg\\\/#website\",\"url\":\"https:\\\/\\\/noaksark.org\\\/gvg\\\/\",\"name\":\"Noaks Ark G\u00f6teborg &amp; V\u00e4stra G\u00f6taland\",\"description\":\"\",\"potentialAction\":[{\"@type\":\"SearchAction\",\"target\":{\"@type\":\"EntryPoint\",\"urlTemplate\":\"https:\\\/\\\/noaksark.org\\\/gvg\\\/?s={search_term_string}\"},\"query-input\":{\"@type\":\"PropertyValueSpecification\",\"valueRequired\":true,\"valueName\":\"search_term_string\"}}],\"inLanguage\":\"sv-SE\"}]}<\/script>\n<!-- \/ Yoast SEO Premium plugin. -->","yoast_head_json":{"title":"Social tr\u00e4ff; Sommaravslutning - Noaks Ark G\u00f6teborg &amp; V\u00e4stra G\u00f6taland","robots":{"index":"index","follow":"follow","max-snippet":"max-snippet:-1","max-image-preview":"max-image-preview:large","max-video-preview":"max-video-preview:-1"},"canonical":"https:\/\/noaksark.org\/gvg\/kalender\/social-traff-sommaravslutning\/","og_locale":"sv_SE","og_type":"article","og_title":"Social tr\u00e4ff; Sommaravslutning","og_description":"V\u00e4lkommen till terminens sommaravslutning f\u00f6r personer som lever med hiv och deras n\u00e4rst\u00e5ende. Vi planerar att tr\u00e4ffas utomhus, om v\u00e4dret till\u00e5ter, f\u00f6r att inviga sommaren tillsammans. Det blir en social och avslappnad tr\u00e4ff med fokus...","og_url":"https:\/\/noaksark.org\/gvg\/kalender\/social-traff-sommaravslutning\/","og_site_name":"Noaks Ark G\u00f6teborg &amp; V\u00e4stra G\u00f6taland","article_modified_time":"2026-04-13T14:17:50+00:00","og_image":[{"width":1440,"height":2560,"url":"https:\/\/noaksark.org\/gvg\/wp-content\/uploads\/sites\/7\/2026\/03\/pexels-jonathan-cordova-r-2637981-35293585-scaled.jpg","type":"image\/jpeg"}],"twitter_card":"summary_large_image","twitter_misc":{"Ber\u00e4knad l\u00e4stid":"1 minut"},"schema":{"@context":"https:\/\/schema.org","@graph":[{"@type":"WebPage","@id":"https:\/\/noaksark.org\/gvg\/kalender\/social-traff-sommaravslutning\/","url":"https:\/\/noaksark.org\/gvg\/kalender\/social-traff-sommaravslutning\/","name":"Social tr\u00e4ff; Sommaravslutning - Noaks Ark G\u00f6teborg &amp; V\u00e4stra G\u00f6taland","isPartOf":{"@id":"https:\/\/noaksark.org\/gvg\/#website"},"primaryImageOfPage":{"@id":"https:\/\/noaksark.org\/gvg\/kalender\/social-traff-sommaravslutning\/#primaryimage"},"image":{"@id":"https:\/\/noaksark.org\/gvg\/kalender\/social-traff-sommaravslutning\/#primaryimage"},"thumbnailUrl":"https:\/\/noaksark.org\/gvg\/wp-content\/uploads\/sites\/7\/2026\/03\/pexels-jonathan-cordova-r-2637981-35293585-scaled.jpg","datePublished":"2026-03-27T11:09:02+00:00","dateModified":"2026-04-13T14:17:50+00:00","breadcrumb":{"@id":"https:\/\/noaksark.org\/gvg\/kalender\/social-traff-sommaravslutning\/#breadcrumb"},"inLanguage":"sv-SE","potentialAction":[{"@type":"ReadAction","target":["https:\/\/noaksark.org\/gvg\/kalender\/social-traff-sommaravslutning\/"]}]},{"@type":"ImageObject","inLanguage":"sv-SE","@id":"https:\/\/noaksark.org\/gvg\/kalender\/social-traff-sommaravslutning\/#primaryimage","url":"https:\/\/noaksark.org\/gvg\/wp-content\/uploads\/sites\/7\/2026\/03\/pexels-jonathan-cordova-r-2637981-35293585-scaled.jpg","contentUrl":"https:\/\/noaksark.org\/gvg\/wp-content\/uploads\/sites\/7\/2026\/03\/pexels-jonathan-cordova-r-2637981-35293585-scaled.jpg","width":1440,"height":2560},{"@type":"BreadcrumbList","@id":"https:\/\/noaksark.org\/gvg\/kalender\/social-traff-sommaravslutning\/#breadcrumb","itemListElement":[{"@type":"ListItem","position":1,"name":"Home","item":"https:\/\/noaksark.org\/gvg\/"},{"@type":"ListItem","position":2,"name":"Social tr\u00e4ff; Sommaravslutning"}]},{"@type":"WebSite","@id":"https:\/\/noaksark.org\/gvg\/#website","url":"https:\/\/noaksark.org\/gvg\/","name":"Noaks Ark G\u00f6teborg &amp; V\u00e4stra G\u00f6taland","description":"","potentialAction":[{"@type":"SearchAction","target":{"@type":"EntryPoint","urlTemplate":"https:\/\/noaksark.org\/gvg\/?s={search_term_string}"},"query-input":{"@type":"PropertyValueSpecification","valueRequired":true,"valueName":"search_term_string"}}],"inLanguage":"sv-SE"}]}},"_links":{"self":[{"href":"https:\/\/noaksark.org\/gvg\/wp-json\/wp\/v2\/calendar\/3302","targetHints":{"allow":["GET"]}}],"collection":[{"href":"https:\/\/noaksark.org\/gvg\/wp-json\/wp\/v2\/calendar"}],"about":[{"href":"https:\/\/noaksark.org\/gvg\/wp-json\/wp\/v2\/types\/calendar"}],"wp:featuredmedia":[{"embeddable":true,"href":"https:\/\/noaksark.org\/gvg\/wp-json\/wp\/v2\/media\/3303"}],"wp:attachment":[{"href":"https:\/\/noaksark.org\/gvg\/wp-json\/wp\/v2\/media?parent=3302"}],"wp:term":[{"taxonomy":"calendar-category","embeddable":true,"href":"https:\/\/noaksark.org\/gvg\/wp-json\/wp\/v2\/calendar-category?post=3302"},{"taxonomy":"target-group","embeddable":true,"href":"https:\/\/noaksark.org\/gvg\/wp-json\/wp\/v2\/target-group?post=3302"},{"taxonomy":"calendar_tag","embeddable":true,"href":"https:\/\/noaksark.org\/gvg\/wp-json\/wp\/v2\/calendar_tag?post=3302"}],"curies":[{"name":"wp","href":"https:\/\/api.w.org\/{rel}","templated":true}]}}