{"id":2773,"date":"2023-08-21T14:07:24","date_gmt":"2023-08-21T13:07:24","guid":{"rendered":"https:\/\/noaksark.org\/gvg\/?post_type=calendar&#038;p=2773"},"modified":"2024-12-19T11:15:53","modified_gmt":"2024-12-19T10:15:53","slug":"frihamnsdagarna-31-augusti-2-september","status":"publish","type":"calendar","link":"https:\/\/noaksark.org\/gvg\/kalender\/frihamnsdagarna-31-augusti-2-september\/","title":{"rendered":"Frihamnsdagarna 31 augusti &#8211; 2 september"},"content":{"rendered":"\n<p>M\u00f6t oss p\u00e5 Frihamnsdagarna, 31 augusti &#8211; 2 september 2023 i G\u00f6teborg! \ud83c\udf89<\/p>\n\n\n\n<p>H\u00e5ll utkik! Vi \u00e4r glada att meddela v\u00e5r medverkan p\u00e5 \u00e5rets Frihamnsdagarna i G\u00f6teborg. Tre dagar fyllda med inspiration, gemenskap och viktiga samtal v\u00e4ntar. \ud83d\udcac\u2728<\/p>\n\n\n\n<p>Vi ser fram emot att tr\u00e4ffa er och tillsammans utforska hur vi kan bryta stigmas och \u00f6ka medvetenheten kring sexuell h\u00e4lsa. V\u00e5rt \u00e5tagande f\u00f6r en inkluderande och kunskapsbaserad framtid \u00e4r starkare \u00e4n n\u00e5gonsin! \ud83d\udcaa<\/p>\n\n\n\n<p>M\u00f6jligheten att m\u00f6ta oss och ta del av v\u00e5rt arbete, samt hur du kan engagera dig f\u00f6r f\u00f6r\u00e4ndringen, finns vid monter 163 i &#8221;Fadime&#8221;-omr\u00e5det. Tillsammans g\u00f6r vi skillnad! \ud83c\udf1f<br><br>Nyfiken p\u00e5 Frihamnsdagarna? Kika in p\u00e5 deras hemsida och l\u00e4s mer <a href=\"https:\/\/goteborg2023.com\/jubileumsprojekt\/frihamnsdagarna\/?gclid=EAIaIQobChMIubjfruftgAMVh5JoCR3FzQOgEAAYASAAEgLWzvD_BwE\">h\u00e4r<\/a>.<\/p>\n\n\n\n<p>Vi ses! \ud83e\udd70<\/p>\n\n\n\n<figure class=\"wp-block-image size-large\"><img loading=\"lazy\" decoding=\"async\" width=\"1013\" height=\"1024\" src=\"https:\/\/noaksark.org\/gvg\/wp-content\/uploads\/sites\/7\/2023\/08\/Instagram-ruta-1-1013x1024.png\" alt=\"\" class=\"wp-image-2774\" srcset=\"https:\/\/noaksark.org\/gvg\/wp-content\/uploads\/sites\/7\/2023\/08\/Instagram-ruta-1-1013x1024.png 1013w, https:\/\/noaksark.org\/gvg\/wp-content\/uploads\/sites\/7\/2023\/08\/Instagram-ruta-1-297x300.png 297w, https:\/\/noaksark.org\/gvg\/wp-content\/uploads\/sites\/7\/2023\/08\/Instagram-ruta-1-768x777.png 768w, https:\/\/noaksark.org\/gvg\/wp-content\/uploads\/sites\/7\/2023\/08\/Instagram-ruta-1-99x100.png 99w, https:\/\/noaksark.org\/gvg\/wp-content\/uploads\/sites\/7\/2023\/08\/Instagram-ruta-1-759x768.png 759w, https:\/\/noaksark.org\/gvg\/wp-content\/uploads\/sites\/7\/2023\/08\/Instagram-ruta-1.png 1068w\" sizes=\"auto, (max-width: 1013px) 100vw, 1013px\" \/><\/figure>\n","protected":false},"excerpt":{"rendered":"<p>M\u00f6t oss p\u00e5 Frihamnsdagarna, 31 augusti &#8211; 2 september 2023 i G\u00f6teborg! \ud83c\udf89 H\u00e5ll utkik! Vi \u00e4r glada att meddela v\u00e5r medverkan p\u00e5 \u00e5rets Frihamnsdagarna i G\u00f6teborg. Tre dagar fyllda med inspiration, gemenskap och viktiga&#8230;<\/p>\n","protected":false},"featured_media":2776,"template":"","calendar-category":[],"target-group":[],"calendar_tag":[],"class_list":["post-2773","calendar","type-calendar","status-publish","has-post-thumbnail","hentry"],"acf":[],"yoast_head":"<!-- This site is optimized with the Yoast SEO Premium plugin v27.4 (Yoast SEO v27.5) - https:\/\/yoast.com\/product\/yoast-seo-premium-wordpress\/ -->\n<title>Frihamnsdagarna 31 augusti - 2 september - Noaks Ark G\u00f6teborg &amp; V\u00e4stra G\u00f6taland<\/title>\n<meta name=\"description\" content=\"Frihamnsdagarna 31 augusti - 2 september\" \/>\n<meta name=\"robots\" content=\"index, follow, max-snippet:-1, max-image-preview:large, max-video-preview:-1\" \/>\n<link rel=\"canonical\" href=\"https:\/\/noaksark.org\/gvg\/kalender\/frihamnsdagarna-31-augusti-2-september\/\" \/>\n<meta property=\"og:locale\" content=\"sv_SE\" \/>\n<meta property=\"og:type\" content=\"article\" \/>\n<meta property=\"og:title\" content=\"Frihamnsdagarna 31 augusti - 2 september\" \/>\n<meta property=\"og:description\" content=\"Frihamnsdagarna 31 augusti - 2 september\" \/>\n<meta property=\"og:url\" content=\"https:\/\/noaksark.org\/gvg\/kalender\/frihamnsdagarna-31-augusti-2-september\/\" \/>\n<meta property=\"og:site_name\" content=\"Noaks Ark G\u00f6teborg &amp; V\u00e4stra G\u00f6taland\" \/>\n<meta property=\"article:modified_time\" content=\"2024-12-19T10:15:53+00:00\" \/>\n<meta property=\"og:image\" content=\"https:\/\/noaksark.org\/gvg\/wp-content\/uploads\/sites\/7\/2023\/08\/Instagram-ruta-1-1.png\" \/>\n\t<meta property=\"og:image:width\" content=\"1068\" \/>\n\t<meta property=\"og:image:height\" content=\"1080\" \/>\n\t<meta property=\"og:image:type\" content=\"image\/png\" \/>\n<meta name=\"twitter:card\" content=\"summary_large_image\" \/>\n<script type=\"application\/ld+json\" class=\"yoast-schema-graph\">{\"@context\":\"https:\\\/\\\/schema.org\",\"@graph\":[{\"@type\":\"WebPage\",\"@id\":\"https:\\\/\\\/noaksark.org\\\/gvg\\\/kalender\\\/frihamnsdagarna-31-augusti-2-september\\\/\",\"url\":\"https:\\\/\\\/noaksark.org\\\/gvg\\\/kalender\\\/frihamnsdagarna-31-augusti-2-september\\\/\",\"name\":\"Frihamnsdagarna 31 augusti - 2 september - Noaks Ark G\u00f6teborg &amp; V\u00e4stra G\u00f6taland\",\"isPartOf\":{\"@id\":\"https:\\\/\\\/noaksark.org\\\/gvg\\\/#website\"},\"primaryImageOfPage\":{\"@id\":\"https:\\\/\\\/noaksark.org\\\/gvg\\\/kalender\\\/frihamnsdagarna-31-augusti-2-september\\\/#primaryimage\"},\"image\":{\"@id\":\"https:\\\/\\\/noaksark.org\\\/gvg\\\/kalender\\\/frihamnsdagarna-31-augusti-2-september\\\/#primaryimage\"},\"thumbnailUrl\":\"https:\\\/\\\/noaksark.org\\\/gvg\\\/wp-content\\\/uploads\\\/sites\\\/7\\\/2023\\\/08\\\/Instagram-ruta-1-1.png\",\"datePublished\":\"2023-08-21T13:07:24+00:00\",\"dateModified\":\"2024-12-19T10:15:53+00:00\",\"description\":\"Frihamnsdagarna 31 augusti - 2 september\",\"breadcrumb\":{\"@id\":\"https:\\\/\\\/noaksark.org\\\/gvg\\\/kalender\\\/frihamnsdagarna-31-augusti-2-september\\\/#breadcrumb\"},\"inLanguage\":\"sv-SE\",\"potentialAction\":[{\"@type\":\"ReadAction\",\"target\":[\"https:\\\/\\\/noaksark.org\\\/gvg\\\/kalender\\\/frihamnsdagarna-31-augusti-2-september\\\/\"]}]},{\"@type\":\"ImageObject\",\"inLanguage\":\"sv-SE\",\"@id\":\"https:\\\/\\\/noaksark.org\\\/gvg\\\/kalender\\\/frihamnsdagarna-31-augusti-2-september\\\/#primaryimage\",\"url\":\"https:\\\/\\\/noaksark.org\\\/gvg\\\/wp-content\\\/uploads\\\/sites\\\/7\\\/2023\\\/08\\\/Instagram-ruta-1-1.png\",\"contentUrl\":\"https:\\\/\\\/noaksark.org\\\/gvg\\\/wp-content\\\/uploads\\\/sites\\\/7\\\/2023\\\/08\\\/Instagram-ruta-1-1.png\",\"width\":1068,\"height\":1080},{\"@type\":\"BreadcrumbList\",\"@id\":\"https:\\\/\\\/noaksark.org\\\/gvg\\\/kalender\\\/frihamnsdagarna-31-augusti-2-september\\\/#breadcrumb\",\"itemListElement\":[{\"@type\":\"ListItem\",\"position\":1,\"name\":\"Home\",\"item\":\"https:\\\/\\\/noaksark.org\\\/gvg\\\/\"},{\"@type\":\"ListItem\",\"position\":2,\"name\":\"Frihamnsdagarna 31 augusti &#8211; 2 september\"}]},{\"@type\":\"WebSite\",\"@id\":\"https:\\\/\\\/noaksark.org\\\/gvg\\\/#website\",\"url\":\"https:\\\/\\\/noaksark.org\\\/gvg\\\/\",\"name\":\"Noaks Ark G\u00f6teborg &amp; V\u00e4stra G\u00f6taland\",\"description\":\"\",\"potentialAction\":[{\"@type\":\"SearchAction\",\"target\":{\"@type\":\"EntryPoint\",\"urlTemplate\":\"https:\\\/\\\/noaksark.org\\\/gvg\\\/?s={search_term_string}\"},\"query-input\":{\"@type\":\"PropertyValueSpecification\",\"valueRequired\":true,\"valueName\":\"search_term_string\"}}],\"inLanguage\":\"sv-SE\"}]}<\/script>\n<!-- \/ Yoast SEO Premium plugin. -->","yoast_head_json":{"title":"Frihamnsdagarna 31 augusti - 2 september - Noaks Ark G\u00f6teborg &amp; V\u00e4stra G\u00f6taland","description":"Frihamnsdagarna 31 augusti - 2 september","robots":{"index":"index","follow":"follow","max-snippet":"max-snippet:-1","max-image-preview":"max-image-preview:large","max-video-preview":"max-video-preview:-1"},"canonical":"https:\/\/noaksark.org\/gvg\/kalender\/frihamnsdagarna-31-augusti-2-september\/","og_locale":"sv_SE","og_type":"article","og_title":"Frihamnsdagarna 31 augusti - 2 september","og_description":"Frihamnsdagarna 31 augusti - 2 september","og_url":"https:\/\/noaksark.org\/gvg\/kalender\/frihamnsdagarna-31-augusti-2-september\/","og_site_name":"Noaks Ark G\u00f6teborg &amp; V\u00e4stra G\u00f6taland","article_modified_time":"2024-12-19T10:15:53+00:00","og_image":[{"width":1068,"height":1080,"url":"https:\/\/noaksark.org\/gvg\/wp-content\/uploads\/sites\/7\/2023\/08\/Instagram-ruta-1-1.png","type":"image\/png"}],"twitter_card":"summary_large_image","schema":{"@context":"https:\/\/schema.org","@graph":[{"@type":"WebPage","@id":"https:\/\/noaksark.org\/gvg\/kalender\/frihamnsdagarna-31-augusti-2-september\/","url":"https:\/\/noaksark.org\/gvg\/kalender\/frihamnsdagarna-31-augusti-2-september\/","name":"Frihamnsdagarna 31 augusti - 2 september - Noaks Ark G\u00f6teborg &amp; V\u00e4stra G\u00f6taland","isPartOf":{"@id":"https:\/\/noaksark.org\/gvg\/#website"},"primaryImageOfPage":{"@id":"https:\/\/noaksark.org\/gvg\/kalender\/frihamnsdagarna-31-augusti-2-september\/#primaryimage"},"image":{"@id":"https:\/\/noaksark.org\/gvg\/kalender\/frihamnsdagarna-31-augusti-2-september\/#primaryimage"},"thumbnailUrl":"https:\/\/noaksark.org\/gvg\/wp-content\/uploads\/sites\/7\/2023\/08\/Instagram-ruta-1-1.png","datePublished":"2023-08-21T13:07:24+00:00","dateModified":"2024-12-19T10:15:53+00:00","description":"Frihamnsdagarna 31 augusti - 2 september","breadcrumb":{"@id":"https:\/\/noaksark.org\/gvg\/kalender\/frihamnsdagarna-31-augusti-2-september\/#breadcrumb"},"inLanguage":"sv-SE","potentialAction":[{"@type":"ReadAction","target":["https:\/\/noaksark.org\/gvg\/kalender\/frihamnsdagarna-31-augusti-2-september\/"]}]},{"@type":"ImageObject","inLanguage":"sv-SE","@id":"https:\/\/noaksark.org\/gvg\/kalender\/frihamnsdagarna-31-augusti-2-september\/#primaryimage","url":"https:\/\/noaksark.org\/gvg\/wp-content\/uploads\/sites\/7\/2023\/08\/Instagram-ruta-1-1.png","contentUrl":"https:\/\/noaksark.org\/gvg\/wp-content\/uploads\/sites\/7\/2023\/08\/Instagram-ruta-1-1.png","width":1068,"height":1080},{"@type":"BreadcrumbList","@id":"https:\/\/noaksark.org\/gvg\/kalender\/frihamnsdagarna-31-augusti-2-september\/#breadcrumb","itemListElement":[{"@type":"ListItem","position":1,"name":"Home","item":"https:\/\/noaksark.org\/gvg\/"},{"@type":"ListItem","position":2,"name":"Frihamnsdagarna 31 augusti &#8211; 2 september"}]},{"@type":"WebSite","@id":"https:\/\/noaksark.org\/gvg\/#website","url":"https:\/\/noaksark.org\/gvg\/","name":"Noaks Ark G\u00f6teborg &amp; V\u00e4stra G\u00f6taland","description":"","potentialAction":[{"@type":"SearchAction","target":{"@type":"EntryPoint","urlTemplate":"https:\/\/noaksark.org\/gvg\/?s={search_term_string}"},"query-input":{"@type":"PropertyValueSpecification","valueRequired":true,"valueName":"search_term_string"}}],"inLanguage":"sv-SE"}]}},"_links":{"self":[{"href":"https:\/\/noaksark.org\/gvg\/wp-json\/wp\/v2\/calendar\/2773","targetHints":{"allow":["GET"]}}],"collection":[{"href":"https:\/\/noaksark.org\/gvg\/wp-json\/wp\/v2\/calendar"}],"about":[{"href":"https:\/\/noaksark.org\/gvg\/wp-json\/wp\/v2\/types\/calendar"}],"wp:featuredmedia":[{"embeddable":true,"href":"https:\/\/noaksark.org\/gvg\/wp-json\/wp\/v2\/media\/2776"}],"wp:attachment":[{"href":"https:\/\/noaksark.org\/gvg\/wp-json\/wp\/v2\/media?parent=2773"}],"wp:term":[{"taxonomy":"calendar-category","embeddable":true,"href":"https:\/\/noaksark.org\/gvg\/wp-json\/wp\/v2\/calendar-category?post=2773"},{"taxonomy":"target-group","embeddable":true,"href":"https:\/\/noaksark.org\/gvg\/wp-json\/wp\/v2\/target-group?post=2773"},{"taxonomy":"calendar_tag","embeddable":true,"href":"https:\/\/noaksark.org\/gvg\/wp-json\/wp\/v2\/calendar_tag?post=2773"}],"curies":[{"name":"wp","href":"https:\/\/api.w.org\/{rel}","templated":true}]}}