{"id":3441,"date":"2026-09-04T14:18:10","date_gmt":"2026-09-04T12:18:10","guid":{"rendered":"https:\/\/noaksark.org\/gvg\/?post_type=calendar&#038;p=3441"},"modified":"2026-09-04T14:18:11","modified_gmt":"2026-09-04T12:18:11","slug":"social-traff-kreativ-kvall","status":"publish","type":"calendar","link":"https:\/\/noaksark.org\/gvg\/en\/kalender\/social-traff-kreativ-kvall\/","title":{"rendered":"Social tr\u00e4ff: kreativ kv\u00e4ll"},"content":{"rendered":"\n<p class=\"wp-block-paragraph\"><strong>Datum: 29 september<\/strong><br><strong>Plats och tid meddelas efter anm\u00e4lan<\/strong><\/p>\n\n\n\n<p class=\"wp-block-paragraph\">Efter sommaruppeh\u00e5llet \u00e4r det \u00e4ntligen dags f\u00f6r h\u00f6stens f\u00f6rsta sociala tr\u00e4ff!<\/p>\n\n\n\n<p class=\"wp-block-paragraph\">Den h\u00e4r g\u00e5ngen ses vi f\u00f6r en avslappnad kreativ kv\u00e4ll tillsammans. Vi plockar fram f\u00e4rger, papper, pennor och annat material och l\u00e5ter kreativiteten bli ett s\u00e4tt att umg\u00e5s. Du beh\u00f6ver inte kunna m\u00e5la, teckna eller skapa n\u00e5got s\u00e4rskilt! Tanken \u00e4r helt enkelt att ses, g\u00f6ra n\u00e5got med h\u00e4nderna, prata och ha en trevlig kv\u00e4ll tillsammans.<\/p>\n\n\n\n<p class=\"wp-block-paragraph\">Noaks Ark st\u00e5r f\u00f6r allt material och vi bjuder \u00e4ven p\u00e5 n\u00e5got l\u00e4ttare att \u00e4ta. Det enda du beh\u00f6ver g\u00f6ra \u00e4r att komma som du \u00e4r.<\/p>\n\n\n\n<p class=\"wp-block-paragraph\">V\u00e5ra sociala tr\u00e4ffar \u00e4r till f\u00f6r dig som lever med hiv och vill tr\u00e4ffa andra i en avslappnad och trygg milj\u00f6. Du \u00e4r ocks\u00e5 varmt v\u00e4lkommen att ta med dig en n\u00e4rst\u00e5ende om du vill.<\/p>\n\n\n\n<div style=\"height:50px\" aria-hidden=\"true\" class=\"wp-block-spacer\"><\/div>\n\n\n\n<p class=\"has-medium-font-size wp-block-paragraph\"><strong>Vill du vara med?<\/strong><br>Anm\u00e4l dig genom att mejla <a href=\"mailto:eliza.ohberg@noaksark.org\">eliza.ohberg@noaksark.org<\/a> Plats och mer information skickas till dig efter anm\u00e4lan.<\/p>\n\n\n\n<div style=\"height:20px\" aria-hidden=\"true\" class=\"wp-block-spacer\"><\/div>\n\n\n\n<p class=\"has-x-large-font-size wp-block-paragraph\">Varmt v\u00e4lkommen! \ud83d\udc9b<\/p>\n\n\n\n<p class=\"wp-block-paragraph\"><\/p>\n","protected":false},"excerpt":{"rendered":"<p>Datum: 29 septemberPlats och tid meddelas efter anm\u00e4lan Efter sommaruppeh\u00e5llet \u00e4r det \u00e4ntligen dags f\u00f6r h\u00f6stens f\u00f6rsta sociala tr\u00e4ff! Den h\u00e4r g\u00e5ngen ses vi f\u00f6r en avslappnad kreativ kv\u00e4ll tillsammans. Vi plockar fram f\u00e4rger, papper,&#8230;<\/p>\n","protected":false},"featured_media":3442,"template":"","calendar-category":[],"target-group":[],"calendar_tag":[],"class_list":["post-3441","calendar","type-calendar","status-publish","has-post-thumbnail","hentry"],"acf":[],"yoast_head":"<!-- This site is optimized with the Yoast SEO Premium plugin v28.3 (Yoast SEO v28.4) - https:\/\/yoast.com\/product\/yoast-seo-premium-wordpress\/ -->\n<title>Social tr\u00e4ff: kreativ kv\u00e4ll - Noaks Ark G\u00f6teborg &amp; V\u00e4stra G\u00f6taland<\/title>\n<meta name=\"robots\" content=\"index, follow, max-snippet:-1, max-image-preview:large, max-video-preview:-1\" \/>\n<link rel=\"canonical\" href=\"https:\/\/noaksark.org\/gvg\/en\/kalender\/social-traff-kreativ-kvall\/\" \/>\n<meta property=\"og:locale\" content=\"en_US\" \/>\n<meta property=\"og:type\" content=\"article\" \/>\n<meta property=\"og:title\" content=\"Social tr\u00e4ff: kreativ kv\u00e4ll\" \/>\n<meta property=\"og:description\" content=\"Datum: 29 septemberPlats och tid meddelas efter anm\u00e4lan Efter sommaruppeh\u00e5llet \u00e4r det \u00e4ntligen dags f\u00f6r h\u00f6stens f\u00f6rsta sociala tr\u00e4ff! Den h\u00e4r g\u00e5ngen ses vi f\u00f6r en avslappnad kreativ kv\u00e4ll tillsammans. Vi plockar fram f\u00e4rger, papper,...\" \/>\n<meta property=\"og:url\" content=\"https:\/\/noaksark.org\/gvg\/en\/kalender\/social-traff-kreativ-kvall\/\" \/>\n<meta property=\"og:site_name\" content=\"Noaks Ark G\u00f6teborg &amp; V\u00e4stra G\u00f6taland\" \/>\n<meta property=\"article:modified_time\" content=\"2026-09-04T12:18:11+00:00\" \/>\n<meta property=\"og:image\" content=\"https:\/\/noaksark.org\/gvg\/wp-content\/uploads\/sites\/7\/2026\/09\/20260428_203031-scaled.jpg\" \/>\n\t<meta property=\"og:image:width\" content=\"1920\" \/>\n\t<meta property=\"og:image:height\" content=\"2560\" \/>\n\t<meta property=\"og:image:type\" content=\"image\/jpeg\" \/>\n<meta name=\"twitter:card\" content=\"summary_large_image\" \/>\n<meta name=\"twitter:label1\" content=\"Est. reading time\" \/>\n\t<meta name=\"twitter:data1\" content=\"1 minute\" \/>\n<script type=\"application\/ld+json\" class=\"yoast-schema-graph\">{\"@context\":\"https:\\\/\\\/schema.org\",\"@graph\":[{\"@type\":\"WebPage\",\"@id\":\"https:\\\/\\\/noaksark.org\\\/gvg\\\/en\\\/kalender\\\/social-traff-kreativ-kvall\\\/\",\"url\":\"https:\\\/\\\/noaksark.org\\\/gvg\\\/en\\\/kalender\\\/social-traff-kreativ-kvall\\\/\",\"name\":\"Social tr\u00e4ff: kreativ kv\u00e4ll - Noaks Ark G\u00f6teborg &amp; V\u00e4stra G\u00f6taland\",\"isPartOf\":{\"@id\":\"https:\\\/\\\/noaksark.org\\\/gvg\\\/en\\\/#website\"},\"primaryImageOfPage\":{\"@id\":\"https:\\\/\\\/noaksark.org\\\/gvg\\\/en\\\/kalender\\\/social-traff-kreativ-kvall\\\/#primaryimage\"},\"image\":{\"@id\":\"https:\\\/\\\/noaksark.org\\\/gvg\\\/en\\\/kalender\\\/social-traff-kreativ-kvall\\\/#primaryimage\"},\"thumbnailUrl\":\"https:\\\/\\\/noaksark.org\\\/gvg\\\/wp-content\\\/uploads\\\/sites\\\/7\\\/2026\\\/09\\\/20260428_203031-scaled.jpg\",\"datePublished\":\"2026-09-04T12:18:10+00:00\",\"dateModified\":\"2026-09-04T12:18:11+00:00\",\"breadcrumb\":{\"@id\":\"https:\\\/\\\/noaksark.org\\\/gvg\\\/en\\\/kalender\\\/social-traff-kreativ-kvall\\\/#breadcrumb\"},\"inLanguage\":\"en-US\",\"potentialAction\":[{\"@type\":\"ReadAction\",\"target\":[\"https:\\\/\\\/noaksark.org\\\/gvg\\\/en\\\/kalender\\\/social-traff-kreativ-kvall\\\/\"]}]},{\"@type\":\"ImageObject\",\"inLanguage\":\"en-US\",\"@id\":\"https:\\\/\\\/noaksark.org\\\/gvg\\\/en\\\/kalender\\\/social-traff-kreativ-kvall\\\/#primaryimage\",\"url\":\"https:\\\/\\\/noaksark.org\\\/gvg\\\/wp-content\\\/uploads\\\/sites\\\/7\\\/2026\\\/09\\\/20260428_203031-scaled.jpg\",\"contentUrl\":\"https:\\\/\\\/noaksark.org\\\/gvg\\\/wp-content\\\/uploads\\\/sites\\\/7\\\/2026\\\/09\\\/20260428_203031-scaled.jpg\",\"width\":1920,\"height\":2560},{\"@type\":\"BreadcrumbList\",\"@id\":\"https:\\\/\\\/noaksark.org\\\/gvg\\\/en\\\/kalender\\\/social-traff-kreativ-kvall\\\/#breadcrumb\",\"itemListElement\":[{\"@type\":\"ListItem\",\"position\":1,\"name\":\"Home\",\"item\":\"https:\\\/\\\/noaksark.org\\\/gvg\\\/en\\\/\"},{\"@type\":\"ListItem\",\"position\":2,\"name\":\"Social tr\u00e4ff: kreativ kv\u00e4ll\"}]},{\"@type\":\"WebSite\",\"@id\":\"https:\\\/\\\/noaksark.org\\\/gvg\\\/en\\\/#website\",\"url\":\"https:\\\/\\\/noaksark.org\\\/gvg\\\/en\\\/\",\"name\":\"Noaks Ark G\u00f6teborg &amp; V\u00e4stra G\u00f6taland\",\"description\":\"\",\"potentialAction\":[{\"@type\":\"SearchAction\",\"target\":{\"@type\":\"EntryPoint\",\"urlTemplate\":\"https:\\\/\\\/noaksark.org\\\/gvg\\\/en\\\/?s={search_term_string}\"},\"query-input\":{\"@type\":\"PropertyValueSpecification\",\"valueRequired\":true,\"valueName\":\"search_term_string\"}}],\"inLanguage\":\"en-US\"}]}<\/script>\n<!-- \/ Yoast SEO Premium plugin. -->","yoast_head_json":{"title":"Social tr\u00e4ff: kreativ kv\u00e4ll - Noaks Ark G\u00f6teborg &amp; V\u00e4stra G\u00f6taland","robots":{"index":"index","follow":"follow","max-snippet":"max-snippet:-1","max-image-preview":"max-image-preview:large","max-video-preview":"max-video-preview:-1"},"canonical":"https:\/\/noaksark.org\/gvg\/en\/kalender\/social-traff-kreativ-kvall\/","og_locale":"en_US","og_type":"article","og_title":"Social tr\u00e4ff: kreativ kv\u00e4ll","og_description":"Datum: 29 septemberPlats och tid meddelas efter anm\u00e4lan Efter sommaruppeh\u00e5llet \u00e4r det \u00e4ntligen dags f\u00f6r h\u00f6stens f\u00f6rsta sociala tr\u00e4ff! Den h\u00e4r g\u00e5ngen ses vi f\u00f6r en avslappnad kreativ kv\u00e4ll tillsammans. Vi plockar fram f\u00e4rger, papper,...","og_url":"https:\/\/noaksark.org\/gvg\/en\/kalender\/social-traff-kreativ-kvall\/","og_site_name":"Noaks Ark G\u00f6teborg &amp; V\u00e4stra G\u00f6taland","article_modified_time":"2026-09-04T12:18:11+00:00","og_image":[{"width":1920,"height":2560,"url":"https:\/\/noaksark.org\/gvg\/wp-content\/uploads\/sites\/7\/2026\/09\/20260428_203031-scaled.jpg","type":"image\/jpeg"}],"twitter_card":"summary_large_image","twitter_misc":{"Est. reading time":"1 minute"},"schema":{"@context":"https:\/\/schema.org","@graph":[{"@type":"WebPage","@id":"https:\/\/noaksark.org\/gvg\/en\/kalender\/social-traff-kreativ-kvall\/","url":"https:\/\/noaksark.org\/gvg\/en\/kalender\/social-traff-kreativ-kvall\/","name":"Social tr\u00e4ff: kreativ kv\u00e4ll - Noaks Ark G\u00f6teborg &amp; V\u00e4stra G\u00f6taland","isPartOf":{"@id":"https:\/\/noaksark.org\/gvg\/en\/#website"},"primaryImageOfPage":{"@id":"https:\/\/noaksark.org\/gvg\/en\/kalender\/social-traff-kreativ-kvall\/#primaryimage"},"image":{"@id":"https:\/\/noaksark.org\/gvg\/en\/kalender\/social-traff-kreativ-kvall\/#primaryimage"},"thumbnailUrl":"https:\/\/noaksark.org\/gvg\/wp-content\/uploads\/sites\/7\/2026\/09\/20260428_203031-scaled.jpg","datePublished":"2026-09-04T12:18:10+00:00","dateModified":"2026-09-04T12:18:11+00:00","breadcrumb":{"@id":"https:\/\/noaksark.org\/gvg\/en\/kalender\/social-traff-kreativ-kvall\/#breadcrumb"},"inLanguage":"en-US","potentialAction":[{"@type":"ReadAction","target":["https:\/\/noaksark.org\/gvg\/en\/kalender\/social-traff-kreativ-kvall\/"]}]},{"@type":"ImageObject","inLanguage":"en-US","@id":"https:\/\/noaksark.org\/gvg\/en\/kalender\/social-traff-kreativ-kvall\/#primaryimage","url":"https:\/\/noaksark.org\/gvg\/wp-content\/uploads\/sites\/7\/2026\/09\/20260428_203031-scaled.jpg","contentUrl":"https:\/\/noaksark.org\/gvg\/wp-content\/uploads\/sites\/7\/2026\/09\/20260428_203031-scaled.jpg","width":1920,"height":2560},{"@type":"BreadcrumbList","@id":"https:\/\/noaksark.org\/gvg\/en\/kalender\/social-traff-kreativ-kvall\/#breadcrumb","itemListElement":[{"@type":"ListItem","position":1,"name":"Home","item":"https:\/\/noaksark.org\/gvg\/en\/"},{"@type":"ListItem","position":2,"name":"Social tr\u00e4ff: kreativ kv\u00e4ll"}]},{"@type":"WebSite","@id":"https:\/\/noaksark.org\/gvg\/en\/#website","url":"https:\/\/noaksark.org\/gvg\/en\/","name":"Noaks Ark G\u00f6teborg &amp; V\u00e4stra G\u00f6taland","description":"","potentialAction":[{"@type":"SearchAction","target":{"@type":"EntryPoint","urlTemplate":"https:\/\/noaksark.org\/gvg\/en\/?s={search_term_string}"},"query-input":{"@type":"PropertyValueSpecification","valueRequired":true,"valueName":"search_term_string"}}],"inLanguage":"en-US"}]}},"_links":{"self":[{"href":"https:\/\/noaksark.org\/gvg\/en\/wp-json\/wp\/v2\/calendar\/3441","targetHints":{"allow":["GET"]}}],"collection":[{"href":"https:\/\/noaksark.org\/gvg\/en\/wp-json\/wp\/v2\/calendar"}],"about":[{"href":"https:\/\/noaksark.org\/gvg\/en\/wp-json\/wp\/v2\/types\/calendar"}],"wp:featuredmedia":[{"embeddable":true,"href":"https:\/\/noaksark.org\/gvg\/en\/wp-json\/wp\/v2\/media\/3442"}],"wp:attachment":[{"href":"https:\/\/noaksark.org\/gvg\/en\/wp-json\/wp\/v2\/media?parent=3441"}],"wp:term":[{"taxonomy":"calendar-category","embeddable":true,"href":"https:\/\/noaksark.org\/gvg\/en\/wp-json\/wp\/v2\/calendar-category?post=3441"},{"taxonomy":"target-group","embeddable":true,"href":"https:\/\/noaksark.org\/gvg\/en\/wp-json\/wp\/v2\/target-group?post=3441"},{"taxonomy":"calendar_tag","embeddable":true,"href":"https:\/\/noaksark.org\/gvg\/en\/wp-json\/wp\/v2\/calendar_tag?post=3441"}],"curies":[{"name":"wp","href":"https:\/\/api.w.org\/{rel}","templated":true}]}}