{"id":2903,"date":"2024-08-21T11:17:57","date_gmt":"2024-08-21T09:17:57","guid":{"rendered":"https:\/\/noaksark.org\/gvg\/?post_type=calendar&#038;p=2903"},"modified":"2024-12-19T11:07:37","modified_gmt":"2024-12-19T10:07:37","slug":"noaks-ark-goes-nordens-ark","status":"publish","type":"calendar","link":"https:\/\/noaksark.org\/gvg\/en\/kalender\/noaks-ark-goes-nordens-ark\/","title":{"rendered":"Noaks Ark goes Nordens Ark"},"content":{"rendered":"\n<p>Kropp &amp; Sj\u00e4lshelg 21-22 september 2024<\/p>\n\n\n\n<p>Den 21-22 september bjuder vi in dig som lever med hiv, och en v\u00e4n eller n\u00e4rst\u00e5ende om du vill, till en helg fylld av v\u00e4lm\u00e5ende och gemenskap. \ud83d\udc9e<\/p>\n\n\n\n<p>\u2028\u2028I \u00e5r l\u00e4mnar vi spa-milj\u00f6n och ger oss ist\u00e4llet ut i den vackra naturen f\u00f6r ett bes\u00f6k p\u00e5 Nordens Ark, en djurpark som arbetar med bevarande och biologisk m\u00e5ngfald (och som vi ofta misstas f\u00f6r \ud83e\udd2d\ud83e\udd1d\ud83e\udd8a).\u2028\u2028<\/p>\n\n\n\n<p>Detta \u00e4r en unik m\u00f6jlighet att utbyta erfarenheter, delta i sociala aktiviteter och njuta av lugnet i en inspirerande milj\u00f6. \ud83c\udf1f\u2028\u2028<\/p>\n\n\n\n<p><a href=\"https:\/\/docs.google.com\/forms\/d\/15bG3LeUCGkZ5VminRMH8C5wnofFJvtfg_6Wt2Trummc\/viewform?edit_requested=true\">\ud83d\udd17 Mer info och anm\u00e4lan hittar du h\u00e4r.<\/a><\/p>\n\n\n\n<p>\u2028\u2028Hoppas vi ses! \ud83c\udf3c<\/p>\n\n\n\n<p><\/p>\n","protected":false},"excerpt":{"rendered":"<p>Kropp &amp; Sj\u00e4lshelg 21-22 september 2024 Den 21-22 september bjuder vi in dig som lever med hiv, och en v\u00e4n eller n\u00e4rst\u00e5ende om du vill, till en helg fylld av v\u00e4lm\u00e5ende och gemenskap. \ud83d\udc9e \u2028\u2028I&#8230;<\/p>\n","protected":false},"featured_media":2904,"template":"","calendar-category":[],"target-group":[],"calendar_tag":[],"class_list":["post-2903","calendar","type-calendar","status-publish","has-post-thumbnail","hentry"],"acf":[],"yoast_head":"<!-- This site is optimized with the Yoast SEO Premium plugin v27.4 (Yoast SEO v27.5) - https:\/\/yoast.com\/product\/yoast-seo-premium-wordpress\/ -->\n<title>Noaks Ark goes Nordens Ark - Noaks Ark G\u00f6teborg &amp; V\u00e4stra G\u00f6taland<\/title>\n<meta name=\"description\" content=\"Den 21-22 september bjuder vi in dig som lever med hiv, och en v\u00e4n eller n\u00e4rst\u00e5ende om du vill, till en helg fylld av v\u00e4lm\u00e5ende och gemenskap.\" \/>\n<meta name=\"robots\" content=\"index, follow, max-snippet:-1, max-image-preview:large, max-video-preview:-1\" \/>\n<link rel=\"canonical\" href=\"https:\/\/noaksark.org\/gvg\/en\/kalender\/noaks-ark-goes-nordens-ark\/\" \/>\n<meta property=\"og:locale\" content=\"en_US\" \/>\n<meta property=\"og:type\" content=\"article\" \/>\n<meta property=\"og:title\" content=\"Noaks Ark goes Nordens Ark\" \/>\n<meta property=\"og:description\" content=\"Den 21-22 september bjuder vi in dig som lever med hiv, och en v\u00e4n eller n\u00e4rst\u00e5ende om du vill, till en helg fylld av v\u00e4lm\u00e5ende och gemenskap.\" \/>\n<meta property=\"og:url\" content=\"https:\/\/noaksark.org\/gvg\/en\/kalender\/noaks-ark-goes-nordens-ark\/\" \/>\n<meta property=\"og:site_name\" content=\"Noaks Ark G\u00f6teborg &amp; V\u00e4stra G\u00f6taland\" \/>\n<meta property=\"article:modified_time\" content=\"2024-12-19T10:07:37+00:00\" \/>\n<meta property=\"og:image\" content=\"https:\/\/noaksark.org\/gvg\/wp-content\/uploads\/sites\/7\/2024\/08\/IG-455.png\" \/>\n\t<meta property=\"og:image:width\" content=\"1080\" \/>\n\t<meta property=\"og:image:height\" content=\"1350\" \/>\n\t<meta property=\"og:image:type\" content=\"image\/png\" \/>\n<meta name=\"twitter:card\" content=\"summary_large_image\" \/>\n<script type=\"application\/ld+json\" class=\"yoast-schema-graph\">{\"@context\":\"https:\\\/\\\/schema.org\",\"@graph\":[{\"@type\":\"WebPage\",\"@id\":\"https:\\\/\\\/noaksark.org\\\/gvg\\\/en\\\/kalender\\\/noaks-ark-goes-nordens-ark\\\/\",\"url\":\"https:\\\/\\\/noaksark.org\\\/gvg\\\/en\\\/kalender\\\/noaks-ark-goes-nordens-ark\\\/\",\"name\":\"Noaks Ark goes Nordens Ark - Noaks Ark G\u00f6teborg &amp; V\u00e4stra G\u00f6taland\",\"isPartOf\":{\"@id\":\"https:\\\/\\\/noaksark.org\\\/gvg\\\/en\\\/#website\"},\"primaryImageOfPage\":{\"@id\":\"https:\\\/\\\/noaksark.org\\\/gvg\\\/en\\\/kalender\\\/noaks-ark-goes-nordens-ark\\\/#primaryimage\"},\"image\":{\"@id\":\"https:\\\/\\\/noaksark.org\\\/gvg\\\/en\\\/kalender\\\/noaks-ark-goes-nordens-ark\\\/#primaryimage\"},\"thumbnailUrl\":\"https:\\\/\\\/noaksark.org\\\/gvg\\\/wp-content\\\/uploads\\\/sites\\\/7\\\/2024\\\/08\\\/IG-455.png\",\"datePublished\":\"2024-08-21T09:17:57+00:00\",\"dateModified\":\"2024-12-19T10:07:37+00:00\",\"description\":\"Den 21-22 september bjuder vi in dig som lever med hiv, och en v\u00e4n eller n\u00e4rst\u00e5ende om du vill, till en helg fylld av v\u00e4lm\u00e5ende och gemenskap.\",\"breadcrumb\":{\"@id\":\"https:\\\/\\\/noaksark.org\\\/gvg\\\/en\\\/kalender\\\/noaks-ark-goes-nordens-ark\\\/#breadcrumb\"},\"inLanguage\":\"en-US\",\"potentialAction\":[{\"@type\":\"ReadAction\",\"target\":[\"https:\\\/\\\/noaksark.org\\\/gvg\\\/en\\\/kalender\\\/noaks-ark-goes-nordens-ark\\\/\"]}]},{\"@type\":\"ImageObject\",\"inLanguage\":\"en-US\",\"@id\":\"https:\\\/\\\/noaksark.org\\\/gvg\\\/en\\\/kalender\\\/noaks-ark-goes-nordens-ark\\\/#primaryimage\",\"url\":\"https:\\\/\\\/noaksark.org\\\/gvg\\\/wp-content\\\/uploads\\\/sites\\\/7\\\/2024\\\/08\\\/IG-455.png\",\"contentUrl\":\"https:\\\/\\\/noaksark.org\\\/gvg\\\/wp-content\\\/uploads\\\/sites\\\/7\\\/2024\\\/08\\\/IG-455.png\",\"width\":1080,\"height\":1350},{\"@type\":\"BreadcrumbList\",\"@id\":\"https:\\\/\\\/noaksark.org\\\/gvg\\\/en\\\/kalender\\\/noaks-ark-goes-nordens-ark\\\/#breadcrumb\",\"itemListElement\":[{\"@type\":\"ListItem\",\"position\":1,\"name\":\"Home\",\"item\":\"https:\\\/\\\/noaksark.org\\\/gvg\\\/en\\\/\"},{\"@type\":\"ListItem\",\"position\":2,\"name\":\"Noaks Ark goes Nordens Ark\"}]},{\"@type\":\"WebSite\",\"@id\":\"https:\\\/\\\/noaksark.org\\\/gvg\\\/en\\\/#website\",\"url\":\"https:\\\/\\\/noaksark.org\\\/gvg\\\/en\\\/\",\"name\":\"Noaks Ark G\u00f6teborg &amp; V\u00e4stra G\u00f6taland\",\"description\":\"\",\"potentialAction\":[{\"@type\":\"SearchAction\",\"target\":{\"@type\":\"EntryPoint\",\"urlTemplate\":\"https:\\\/\\\/noaksark.org\\\/gvg\\\/en\\\/?s={search_term_string}\"},\"query-input\":{\"@type\":\"PropertyValueSpecification\",\"valueRequired\":true,\"valueName\":\"search_term_string\"}}],\"inLanguage\":\"en-US\"}]}<\/script>\n<!-- \/ Yoast SEO Premium plugin. -->","yoast_head_json":{"title":"Noaks Ark goes Nordens Ark - Noaks Ark G\u00f6teborg &amp; V\u00e4stra G\u00f6taland","description":"Den 21-22 september bjuder vi in dig som lever med hiv, och en v\u00e4n eller n\u00e4rst\u00e5ende om du vill, till en helg fylld av v\u00e4lm\u00e5ende och gemenskap.","robots":{"index":"index","follow":"follow","max-snippet":"max-snippet:-1","max-image-preview":"max-image-preview:large","max-video-preview":"max-video-preview:-1"},"canonical":"https:\/\/noaksark.org\/gvg\/en\/kalender\/noaks-ark-goes-nordens-ark\/","og_locale":"en_US","og_type":"article","og_title":"Noaks Ark goes Nordens Ark","og_description":"Den 21-22 september bjuder vi in dig som lever med hiv, och en v\u00e4n eller n\u00e4rst\u00e5ende om du vill, till en helg fylld av v\u00e4lm\u00e5ende och gemenskap.","og_url":"https:\/\/noaksark.org\/gvg\/en\/kalender\/noaks-ark-goes-nordens-ark\/","og_site_name":"Noaks Ark G\u00f6teborg &amp; V\u00e4stra G\u00f6taland","article_modified_time":"2024-12-19T10:07:37+00:00","og_image":[{"width":1080,"height":1350,"url":"https:\/\/noaksark.org\/gvg\/wp-content\/uploads\/sites\/7\/2024\/08\/IG-455.png","type":"image\/png"}],"twitter_card":"summary_large_image","schema":{"@context":"https:\/\/schema.org","@graph":[{"@type":"WebPage","@id":"https:\/\/noaksark.org\/gvg\/en\/kalender\/noaks-ark-goes-nordens-ark\/","url":"https:\/\/noaksark.org\/gvg\/en\/kalender\/noaks-ark-goes-nordens-ark\/","name":"Noaks Ark goes Nordens Ark - Noaks Ark G\u00f6teborg &amp; V\u00e4stra G\u00f6taland","isPartOf":{"@id":"https:\/\/noaksark.org\/gvg\/en\/#website"},"primaryImageOfPage":{"@id":"https:\/\/noaksark.org\/gvg\/en\/kalender\/noaks-ark-goes-nordens-ark\/#primaryimage"},"image":{"@id":"https:\/\/noaksark.org\/gvg\/en\/kalender\/noaks-ark-goes-nordens-ark\/#primaryimage"},"thumbnailUrl":"https:\/\/noaksark.org\/gvg\/wp-content\/uploads\/sites\/7\/2024\/08\/IG-455.png","datePublished":"2024-08-21T09:17:57+00:00","dateModified":"2024-12-19T10:07:37+00:00","description":"Den 21-22 september bjuder vi in dig som lever med hiv, och en v\u00e4n eller n\u00e4rst\u00e5ende om du vill, till en helg fylld av v\u00e4lm\u00e5ende och gemenskap.","breadcrumb":{"@id":"https:\/\/noaksark.org\/gvg\/en\/kalender\/noaks-ark-goes-nordens-ark\/#breadcrumb"},"inLanguage":"en-US","potentialAction":[{"@type":"ReadAction","target":["https:\/\/noaksark.org\/gvg\/en\/kalender\/noaks-ark-goes-nordens-ark\/"]}]},{"@type":"ImageObject","inLanguage":"en-US","@id":"https:\/\/noaksark.org\/gvg\/en\/kalender\/noaks-ark-goes-nordens-ark\/#primaryimage","url":"https:\/\/noaksark.org\/gvg\/wp-content\/uploads\/sites\/7\/2024\/08\/IG-455.png","contentUrl":"https:\/\/noaksark.org\/gvg\/wp-content\/uploads\/sites\/7\/2024\/08\/IG-455.png","width":1080,"height":1350},{"@type":"BreadcrumbList","@id":"https:\/\/noaksark.org\/gvg\/en\/kalender\/noaks-ark-goes-nordens-ark\/#breadcrumb","itemListElement":[{"@type":"ListItem","position":1,"name":"Home","item":"https:\/\/noaksark.org\/gvg\/en\/"},{"@type":"ListItem","position":2,"name":"Noaks Ark goes Nordens Ark"}]},{"@type":"WebSite","@id":"https:\/\/noaksark.org\/gvg\/en\/#website","url":"https:\/\/noaksark.org\/gvg\/en\/","name":"Noaks Ark G\u00f6teborg &amp; V\u00e4stra G\u00f6taland","description":"","potentialAction":[{"@type":"SearchAction","target":{"@type":"EntryPoint","urlTemplate":"https:\/\/noaksark.org\/gvg\/en\/?s={search_term_string}"},"query-input":{"@type":"PropertyValueSpecification","valueRequired":true,"valueName":"search_term_string"}}],"inLanguage":"en-US"}]}},"_links":{"self":[{"href":"https:\/\/noaksark.org\/gvg\/en\/wp-json\/wp\/v2\/calendar\/2903","targetHints":{"allow":["GET"]}}],"collection":[{"href":"https:\/\/noaksark.org\/gvg\/en\/wp-json\/wp\/v2\/calendar"}],"about":[{"href":"https:\/\/noaksark.org\/gvg\/en\/wp-json\/wp\/v2\/types\/calendar"}],"wp:featuredmedia":[{"embeddable":true,"href":"https:\/\/noaksark.org\/gvg\/en\/wp-json\/wp\/v2\/media\/2904"}],"wp:attachment":[{"href":"https:\/\/noaksark.org\/gvg\/en\/wp-json\/wp\/v2\/media?parent=2903"}],"wp:term":[{"taxonomy":"calendar-category","embeddable":true,"href":"https:\/\/noaksark.org\/gvg\/en\/wp-json\/wp\/v2\/calendar-category?post=2903"},{"taxonomy":"target-group","embeddable":true,"href":"https:\/\/noaksark.org\/gvg\/en\/wp-json\/wp\/v2\/target-group?post=2903"},{"taxonomy":"calendar_tag","embeddable":true,"href":"https:\/\/noaksark.org\/gvg\/en\/wp-json\/wp\/v2\/calendar_tag?post=2903"}],"curies":[{"name":"wp","href":"https:\/\/api.w.org\/{rel}","templated":true}]}}